{"id":647,"date":"2023-09-25T16:03:46","date_gmt":"2023-09-25T14:03:46","guid":{"rendered":"https:\/\/theatredufil.fr\/?page_id=647"},"modified":"2025-04-01T14:36:57","modified_gmt":"2025-04-01T12:36:57","slug":"historique","status":"publish","type":"page","link":"https:\/\/theatredufil.fr\/index.php\/historique\/","title":{"rendered":"50 ANS D&rsquo;EDUCATION POPULAIRE AU SERVICE DU SPECTACLE VIVANT"},"content":{"rendered":"\n<p><\/p>\n\n\n\n<div class=\"wp-block-cover is-light\"><span aria-hidden=\"true\" class=\"wp-block-cover__background has-background-dim-0 has-background-dim\" style=\"background-color:#FFF\"><\/span><img loading=\"lazy\" decoding=\"async\" width=\"2068\" height=\"1472\" class=\"wp-block-cover__image-background wp-image-2145\" alt=\"\" src=\"http:\/\/theatredufil.fr\/wp-content\/uploads\/2025\/03\/IMG_20240523_0001-copie-2-rotated.jpg\" style=\"object-position:51% 41%\" data-object-fit=\"cover\" data-object-position=\"51% 41%\" srcset=\"https:\/\/theatredufil.fr\/wp-content\/uploads\/2025\/03\/IMG_20240523_0001-copie-2-rotated.jpg 2068w, https:\/\/theatredufil.fr\/wp-content\/uploads\/2025\/03\/IMG_20240523_0001-copie-2-300x214.jpg 300w, https:\/\/theatredufil.fr\/wp-content\/uploads\/2025\/03\/IMG_20240523_0001-copie-2-1024x729.jpg 1024w, https:\/\/theatredufil.fr\/wp-content\/uploads\/2025\/03\/IMG_20240523_0001-copie-2-768x547.jpg 768w, https:\/\/theatredufil.fr\/wp-content\/uploads\/2025\/03\/IMG_20240523_0001-copie-2-1536x1093.jpg 1536w, https:\/\/theatredufil.fr\/wp-content\/uploads\/2025\/03\/IMG_20240523_0001-copie-2-2048x1458.jpg 2048w\" sizes=\"auto, (max-width: 2068px) 100vw, 2068px\" \/><div class=\"wp-block-cover__inner-container is-layout-constrained wp-block-cover-is-layout-constrained\">\n<p class=\"has-bg-1-color has-text-color has-background has-link-color has-extralarge-font-size wp-elements-d096e2c2af8c2bc380cbc6c988dbc5ad\" style=\"background-color:#6c707859\"><strong><mark style=\"background-color:rgba(0, 0, 0, 0)\" class=\"has-inline-color has-bg-1-color\">HISTORIQUE<\/mark><\/strong><\/p>\n<\/div><\/div>\n\n\n<h2 class=\"wp-block-post-title\">50 ANS D&rsquo;EDUCATION POPULAIRE AU SERVICE DU SPECTACLE VIVANT<\/h2>\n\n\n<p class=\"has-bg-3-color has-text-color has-link-color has-large-font-size wp-elements-9fa1aec95a0ea273a06007c516670459\"><\/p>\n\n\n\n<div style=\"height:20px\" aria-hidden=\"true\" class=\"wp-block-spacer\"><\/div>\n\n\n\n<p>Le Th\u00e9\u00e2tre du FIL forme depuis 1976 des jeunes de tous horizons au jeu d\u2019acteur et aux m\u00e9tiers du spectacle vivant : Ecole de th\u00e9\u00e2tre, \u00e9cole de vie. <\/p>\n\n\n\n<div style=\"height:20px\" aria-hidden=\"true\" class=\"wp-block-spacer\"><\/div>\n\n\n\n<blockquote class=\"wp-block-quote is-layout-flow wp-block-quote-is-layout-flow\">\n<p class=\"has-text-align-center has-background\" style=\"border-radius:100px;background:linear-gradient(135deg,rgb(252,185,0) 0%,rgb(255,105,0) 14%);padding-right:0;padding-left:0\"><mark style=\"background-color:rgba(0, 0, 0, 0)\" class=\"has-inline-color has-bg-1-color\">\u00ab La marge fait partie de la page \u00bb<\/mark><\/p>\n<\/blockquote>\n\n\n\n<div style=\"height:20px\" aria-hidden=\"true\" class=\"wp-block-spacer\"><\/div>\n\n\n\n<div class=\"wp-block-media-text has-media-on-the-right is-stacked-on-mobile has-border-color has-bg-3-border-color has-medium-font-size\" style=\"border-width:38px;grid-template-columns:auto 30%\"><div class=\"wp-block-media-text__content\">\n<p class=\"has-text-align-center has-large-font-size\">Ami.es Filien.nes,<\/p>\n\n\n\n<p class=\"has-text-align-center has-large-font-size\">Cette ann\u00e9e c&rsquo;est les 50 ans du Fil,<\/p>\n\n\n\n<p class=\"has-text-align-center has-large-font-size\">Aujourd&rsquo;hui encore \u00ab\u00a0La marge fait partie de la page\u00a0\u00bb<\/p>\n\n\n\n<p class=\"has-text-align-center has-large-font-size\">Chaque repr\u00e9sentation, chaque \u00e9v\u00e8nement sera une fa\u00e7on de f\u00eater cet anniversaire,<\/p>\n\n\n\n<p class=\"has-text-align-center has-large-font-size\">Envoyez nous vos souvenirs, vos photos, venez nous re-rencontrer&#8230;<\/p>\n<\/div><figure class=\"wp-block-media-text__media\"><img loading=\"lazy\" decoding=\"async\" width=\"1024\" height=\"1024\" src=\"http:\/\/theatredufil.fr\/wp-content\/uploads\/2023\/09\/50-ans-1024x1024.jpg\" alt=\"\" class=\"wp-image-1741 size-full\" srcset=\"https:\/\/theatredufil.fr\/wp-content\/uploads\/2023\/09\/50-ans-1024x1024.jpg 1024w, https:\/\/theatredufil.fr\/wp-content\/uploads\/2023\/09\/50-ans-300x300.jpg 300w, https:\/\/theatredufil.fr\/wp-content\/uploads\/2023\/09\/50-ans-150x150.jpg 150w, https:\/\/theatredufil.fr\/wp-content\/uploads\/2023\/09\/50-ans-768x768.jpg 768w, https:\/\/theatredufil.fr\/wp-content\/uploads\/2023\/09\/50-ans.jpg 1080w\" sizes=\"auto, (max-width: 1024px) 100vw, 1024px\" \/><\/figure><\/div>\n\n\n\n<div style=\"height:20px\" aria-hidden=\"true\" class=\"wp-block-spacer\"><\/div>\n\n\n\n<hr class=\"wp-block-separator has-alpha-channel-opacity\"\/>\n\n\n\n<div style=\"height:20px\" aria-hidden=\"true\" class=\"wp-block-spacer\"><\/div>\n\n\n\n<h2 class=\"wp-block-heading has-text-align-center has-extralarge-font-size\">PREMIERE PERIODE &#8211; de 1975 \u00e0 198<\/h2>\n\n\n\n<div class=\"wp-block-media-text has-media-on-the-right is-stacked-on-mobile\" style=\"margin-right:0;margin-left:0;grid-template-columns:auto 30%\"><div class=\"wp-block-media-text__content\">\n<p class=\"has-large-font-size\">NAISSANCE<\/p>\n\n\n\n<p>Le Th\u00e9\u00e2tre du Fil na\u00eet <mark style=\"background-color:rgba(0, 0, 0, 0)\" class=\"has-inline-color has-bg-3-color\">en 1975 en tant qu\u2019association loi 1901<\/mark>. Au d\u00e9but, il s&rsquo;agit de 3 copains qui baignent dans l\u2019\u00e9ducation populaire. Ensemble, ils cr\u00e9ent cette troupe de th\u00e9\u00e2tre. <mark style=\"background-color:rgba(0, 0, 0, 0)\" class=\"has-inline-color has-bg-3-color\">Jacques Miquel\u00a0<\/mark>: com\u00e9dien\/\u00e9ducateur, <mark style=\"background-color:rgba(0, 0, 0, 0)\" class=\"has-inline-color has-bg-3-color\">Alain Viguier<\/mark>\u00a0: com\u00e9dien\/metteur en sc\u00e8ne\/ r\u00e9gisseur, <mark style=\"background-color:rgba(0, 0, 0, 0)\" class=\"has-inline-color has-bg-3-color\">Jean Venant<\/mark>\u00a0: com\u00e9dien et plasticien. Ils commencent leur aventure dans le sud de la France.\u00a0Ils baptisent leur compagnie le Th\u00e9\u00e2tre du Fil\u2026 <mark style=\"background-color:rgba(0, 0, 0, 0)\" class=\"has-inline-color has-bg-3-color\">Avaient ils imagin\u00e9 que ce Fil serait \u00e0 l&rsquo;origine de tant de liens\u00a0?\u00a0<\/mark><\/p>\n\n\n\n<p>D\u00e8s son origine le Fil est anim\u00e9 par cette volont\u00e9 <mark style=\"background-color:rgba(0, 0, 0, 0)\" class=\"has-inline-color has-bg-3-color\">d\u2019amener le th\u00e9\u00e2tre partout en s\u2019inspirant des exp\u00e9riences pionni\u00e8res du th\u00e9\u00e2tre populaire<\/mark> : \u00e9coles, <\/p>\n<\/div><figure class=\"wp-block-media-text__media\"><img loading=\"lazy\" decoding=\"async\" width=\"1024\" height=\"764\" src=\"http:\/\/theatredufil.fr\/wp-content\/uploads\/2024\/05\/IMG_20240523_0001-1-1024x764.jpg\" alt=\"\" class=\"wp-image-1395 size-full\" srcset=\"https:\/\/theatredufil.fr\/wp-content\/uploads\/2024\/05\/IMG_20240523_0001-1-1024x764.jpg 1024w, https:\/\/theatredufil.fr\/wp-content\/uploads\/2024\/05\/IMG_20240523_0001-1-300x224.jpg 300w, https:\/\/theatredufil.fr\/wp-content\/uploads\/2024\/05\/IMG_20240523_0001-1-768x573.jpg 768w, https:\/\/theatredufil.fr\/wp-content\/uploads\/2024\/05\/IMG_20240523_0001-1-1536x1146.jpg 1536w, https:\/\/theatredufil.fr\/wp-content\/uploads\/2024\/05\/IMG_20240523_0001-1-2048x1528.jpg 2048w\" sizes=\"auto, (max-width: 1024px) 100vw, 1024px\" \/><\/figure><\/div>\n\n\n\n<div class=\"wp-block-media-text has-media-on-the-right is-stacked-on-mobile\" style=\"grid-template-columns:auto 30%\"><div class=\"wp-block-media-text__content\">\n<p>quartiers populaires, prisons, espaces publiques\u2026 Dans une vieille camionnette brinquebalante, ils commencent \u00e0 s\u2019enrichir de rencontres, \u00e9tant d\u00e9j\u00e0 pauvres de tout le reste.\u00a0A cette \u00e9poque ils choisissent de monter des <mark style=\"background-color:rgba(0, 0, 0, 0)\" class=\"has-inline-color has-bg-3-color\">pi\u00e8ces populaires et politiques<\/mark> et de s\u2019adresser directement au peuple afin de contribuer \u00e0 la <mark style=\"background-color:rgba(0, 0, 0, 0)\" class=\"has-inline-color has-bg-3-color\">transformation de la soci\u00e9t\u00e9<\/mark>.<\/p>\n\n\n\n<p>Leur premier spectacle, \u00ab\u00a0Auguste et Peter\u00a0\u00bb d\u2019Andr\u00e9 Benedetto, mis en sc\u00e8ne par Alain Viguier.&nbsp;Par la suite, ils cr\u00e9ent \u00ab\u00a0Masque et Grimasque\u00a0\u00bb pi\u00e8ce inspir\u00e9e de la Commedia Dell\u2019Arte, et \u00ab\u00a0La Moschetta de Ruzante\u00a0\u00bb, une pi\u00e8ce rustique, humoristique, antimilitariste.<\/p>\n\n\n\n<p>En parall\u00e8le le Th\u00e9\u00e2tre du Fil entretient d\u00e9j\u00e0 \u00e0 travers des formations pour des \u00e9ducateurs,<mark style=\"background-color:rgba(0, 0, 0, 0)\" class=\"has-inline-color has-bg-3-color\"> des liens avec l\u2019\u00e9ducation surveill\u00e9e.<\/mark><\/p>\n<\/div><figure class=\"wp-block-media-text__media\"><img loading=\"lazy\" decoding=\"async\" width=\"1024\" height=\"729\" src=\"http:\/\/theatredufil.fr\/wp-content\/uploads\/2024\/05\/IMG_20240523_0013-2-1024x729.jpg\" alt=\"\" class=\"wp-image-1413 size-full\" srcset=\"https:\/\/theatredufil.fr\/wp-content\/uploads\/2024\/05\/IMG_20240523_0013-2-1024x729.jpg 1024w, https:\/\/theatredufil.fr\/wp-content\/uploads\/2024\/05\/IMG_20240523_0013-2-300x214.jpg 300w, https:\/\/theatredufil.fr\/wp-content\/uploads\/2024\/05\/IMG_20240523_0013-2-768x547.jpg 768w, https:\/\/theatredufil.fr\/wp-content\/uploads\/2024\/05\/IMG_20240523_0013-2-1536x1094.jpg 1536w, https:\/\/theatredufil.fr\/wp-content\/uploads\/2024\/05\/IMG_20240523_0013-2-2048x1459.jpg 2048w\" sizes=\"auto, (max-width: 1024px) 100vw, 1024px\" \/><\/figure><\/div>\n\n\n\n<div style=\"height:20px\" aria-hidden=\"true\" class=\"wp-block-spacer\"><\/div>\n\n\n\n<div class=\"wp-block-media-text has-media-on-the-right is-stacked-on-mobile\" style=\"grid-template-columns:auto 30%\"><div class=\"wp-block-media-text__content\">\n<p class=\"has-large-font-size\">ITINERANCE, RENCONTRE ET ENGAGEMENT<\/p>\n\n\n\n<p>De <mark style=\"background-color:rgba(0, 0, 0, 0)\" class=\"has-inline-color has-bg-3-color\">1975 \u00e0 1979<\/mark> dans leur camionnette d\u00e9cor\u00e9e avec des personnages de la Commedia Dell\u2019Arte, les 3 compagnons tournent leurs spectacles (notamment \u00ab\u00a0Auguste et Peter\u00a0\u00bb) dans toute la France.<\/p>\n\n\n\n<p><mark style=\"background-color:rgba(0, 0, 0, 0)\" class=\"has-inline-color has-bg-3-color\">En 1979 Jean Venant quitte le Th\u00e9\u00e2tre du Fil.<\/mark> Leur camionnette tombe en panne dans les environs d\u2019Aix en Provence. Ils rencontrent dans la campagne Aixoise une communaut\u00e9 d\u2019artistes qui vit dans une grande maison. Jacques Miquel dit \u00ab&nbsp;Mik\u00e9&nbsp;\u00bb et Alain Viguier s\u2019installent dans ce lieu et travaillent \u00e0 Marseille et Cassis. C\u2019est \u00e0 cette \u00e9poque \u00e0 Aix en Provence qu\u2019Alain et Mik\u00e9 rencontrent <mark style=\"background-color:rgba(0, 0, 0, 0)\" class=\"has-inline-color has-bg-3-color\">Emmanuelle Lenne<\/mark>.<\/p>\n<\/div><figure class=\"wp-block-media-text__media\"><img loading=\"lazy\" decoding=\"async\" width=\"1024\" height=\"667\" src=\"http:\/\/theatredufil.fr\/wp-content\/uploads\/2024\/05\/IMG_20240523_0016-1-1024x667.jpg\" alt=\"\" class=\"wp-image-1409 size-full\" srcset=\"https:\/\/theatredufil.fr\/wp-content\/uploads\/2024\/05\/IMG_20240523_0016-1-1024x667.jpg 1024w, https:\/\/theatredufil.fr\/wp-content\/uploads\/2024\/05\/IMG_20240523_0016-1-300x195.jpg 300w, https:\/\/theatredufil.fr\/wp-content\/uploads\/2024\/05\/IMG_20240523_0016-1-768x500.jpg 768w, https:\/\/theatredufil.fr\/wp-content\/uploads\/2024\/05\/IMG_20240523_0016-1-1536x1000.jpg 1536w, https:\/\/theatredufil.fr\/wp-content\/uploads\/2024\/05\/IMG_20240523_0016-1.jpg 2038w\" sizes=\"auto, (max-width: 1024px) 100vw, 1024px\" \/><\/figure><\/div>\n\n\n\n<div class=\"wp-block-media-text has-media-on-the-right is-stacked-on-mobile\" style=\"grid-template-columns:auto 30%\"><div class=\"wp-block-media-text__content\">\n<p>Emmanuelle Lenne venait d\u2019arr\u00eater de travailler avec le Petit Th\u00e9\u00e2tre de la Gueuse. <mark style=\"background-color:rgba(0, 0, 0, 0)\" class=\"has-inline-color has-bg-3-color\">Leur rencontre est une fusion<\/mark>&nbsp;: Emma, Mik\u00e9 et Alain vont travailler tous les 3 ensemble et notamment dans les quartiers Nord de Marseille. <mark style=\"background-color:rgba(0, 0, 0, 0)\" class=\"has-inline-color has-bg-3-color\">Pendant 2 ans : Ils font des animations tout azimuts, avec des personnes compl\u00e9tement \u00e9loign\u00e9es du th\u00e9\u00e2tre et dans des espaces peu habitu\u00e9s \u00e0 cette activit\u00e9 culturelle.<\/mark> Ces exp\u00e9riences d\u2019ateliers les motivent, les enchantent. Emma, Mik\u00e9 et Alain discutent, \u00e9changent, r\u00e9fl\u00e9chissent et imaginent&nbsp;!<\/p>\n\n\n\n<p><mark style=\"background-color:rgba(0, 0, 0, 0)\" class=\"has-inline-color has-bg-3-color\">Comment cr\u00e9er une compagnie \u00e9cole avec des jeunes&nbsp;pour leur donner les moyens de s\u2019exprimer, de s\u2019extraire d\u2019un d\u00e9but de vie difficile et leur transmettre la connaissance la plus compl\u00e8te possible des arts de la sc\u00e8ne ?<\/mark>&nbsp;<\/p>\n<\/div><figure class=\"wp-block-media-text__media\"><img loading=\"lazy\" decoding=\"async\" width=\"1024\" height=\"672\" src=\"http:\/\/theatredufil.fr\/wp-content\/uploads\/2024\/05\/IMG_20240523_0010-2-1024x672.jpg\" alt=\"\" class=\"wp-image-1416 size-full\" srcset=\"https:\/\/theatredufil.fr\/wp-content\/uploads\/2024\/05\/IMG_20240523_0010-2-1024x672.jpg 1024w, https:\/\/theatredufil.fr\/wp-content\/uploads\/2024\/05\/IMG_20240523_0010-2-300x197.jpg 300w, https:\/\/theatredufil.fr\/wp-content\/uploads\/2024\/05\/IMG_20240523_0010-2-768x504.jpg 768w, https:\/\/theatredufil.fr\/wp-content\/uploads\/2024\/05\/IMG_20240523_0010-2-1536x1008.jpg 1536w, https:\/\/theatredufil.fr\/wp-content\/uploads\/2024\/05\/IMG_20240523_0010-2-2048x1344.jpg 2048w\" sizes=\"auto, (max-width: 1024px) 100vw, 1024px\" \/><\/figure><\/div>\n\n\n\n<div style=\"height:20px\" aria-hidden=\"true\" class=\"wp-block-spacer\"><\/div>\n\n\n\n<h2 class=\"wp-block-heading has-text-align-center has-extralarge-font-size\">DEUXIEME PERIODE &#8211; de 1981 \u00e0 1997<\/h2>\n\n\n\n<div class=\"wp-block-media-text has-media-on-the-right is-stacked-on-mobile\" style=\"grid-template-columns:auto 30%\"><div class=\"wp-block-media-text__content\">\n<p class=\"has-large-font-size\">RECONNAISSANCE INSTITUTIONNELLE<\/p>\n\n\n\n<p>En <mark style=\"background-color:rgba(0, 0, 0, 0)\" class=\"has-inline-color has-bg-3-color\">1981 le contexte sociopolitique<\/mark> est favorable au Th\u00e9\u00e2tre du Fil. La <mark style=\"background-color:rgba(0, 0, 0, 0)\" class=\"has-inline-color has-bg-3-color\">reconnaissance de la culture et des artistes,<\/mark> en particulier de ceux qui s\u2019engagent dans le domaine social, est de plus en plus marqu\u00e9e. <mark style=\"background-color:rgba(0, 0, 0, 0)\" class=\"has-inline-color has-bg-3-color\">L\u2019institutionnalisation de l\u2019action artistique et culturelle dans le champ social<\/mark> en France est encourag\u00e9e par Jack Lang alors ministre de la culture.<\/p>\n\n\n\n<p>C\u2019est aussi le d\u00e9but des premi\u00e8res politiques visant \u00e0 l<mark style=\"background-color:rgba(0, 0, 0, 0)\" class=\"has-inline-color has-bg-3-color\">\u2019insertion sociale et professionnelle des jeunes<\/mark>. Les changements survenus au sein de l\u2019\u00e9ducation surveill\u00e9e annoncent une d\u00e9cennie de transformations.<\/p>\n<\/div><figure class=\"wp-block-media-text__media\"><img loading=\"lazy\" decoding=\"async\" width=\"1024\" height=\"682\" src=\"http:\/\/theatredufil.fr\/wp-content\/uploads\/2024\/05\/IMG_20240523_0006-1-1024x682.jpg\" alt=\"\" class=\"wp-image-1400 size-full\" srcset=\"https:\/\/theatredufil.fr\/wp-content\/uploads\/2024\/05\/IMG_20240523_0006-1-1024x682.jpg 1024w, https:\/\/theatredufil.fr\/wp-content\/uploads\/2024\/05\/IMG_20240523_0006-1-300x200.jpg 300w, https:\/\/theatredufil.fr\/wp-content\/uploads\/2024\/05\/IMG_20240523_0006-1-768x512.jpg 768w, https:\/\/theatredufil.fr\/wp-content\/uploads\/2024\/05\/IMG_20240523_0006-1-1536x1023.jpg 1536w, https:\/\/theatredufil.fr\/wp-content\/uploads\/2024\/05\/IMG_20240523_0006-1-2048x1365.jpg 2048w\" sizes=\"auto, (max-width: 1024px) 100vw, 1024px\" \/><\/figure><\/div>\n\n\n\n<div class=\"wp-block-media-text has-media-on-the-right is-stacked-on-mobile\" style=\"grid-template-columns:auto 30%\"><div class=\"wp-block-media-text__content\">\n<p>Sous la direction de Myriam Ezratty, nomm\u00e9e directrice de l\u2019\u00e9ducation surveill\u00e9e de 1981 \u00e0 1983 par Robert Badinter, des projets comme ceux port\u00e9s par le Th\u00e9\u00e2tre du Fil ouvrent de <mark style=\"background-color:rgba(0, 0, 0, 0)\" class=\"has-inline-color has-bg-3-color\">nouvelles perspectives pour favoriser l\u2019insertion sociale et professionnelle des jeunes<\/mark>. Dans les ann\u00e9es 1980\/1990, l\u2019imp\u00e9ratif social du th\u00e9\u00e2tre s\u2019est renforc\u00e9.<\/p>\n\n\n\n<div style=\"height:20px\" aria-hidden=\"true\" class=\"wp-block-spacer\"><\/div>\n\n\n\n<p class=\"has-large-font-size\">1981\/1983 STAGE D&rsquo;INSERTION ET COMPAGNIE-ECOLE<\/p>\n\n\n\n<p>L\u2019exp\u00e9rience du Th\u00e9\u00e2tre du Fil est en plein essor, port\u00e9 par le nouveau paradigme de la \u00ab<mark style=\"background-color:rgba(0, 0, 0, 0)\" class=\"has-inline-color has-bg-3-color\">&nbsp;coh\u00e9sion sociale&nbsp;\u00bb et du \u00ab&nbsp;vivre ensemble&nbsp;\u00bb.<\/mark><\/p>\n<\/div><figure class=\"wp-block-media-text__media\"><img loading=\"lazy\" decoding=\"async\" width=\"1024\" height=\"680\" src=\"http:\/\/theatredufil.fr\/wp-content\/uploads\/2024\/05\/IMG_20240523_0011-1-1024x680.jpg\" alt=\"\" class=\"wp-image-1404 size-full\" srcset=\"https:\/\/theatredufil.fr\/wp-content\/uploads\/2024\/05\/IMG_20240523_0011-1-1024x680.jpg 1024w, https:\/\/theatredufil.fr\/wp-content\/uploads\/2024\/05\/IMG_20240523_0011-1-300x200.jpg 300w, https:\/\/theatredufil.fr\/wp-content\/uploads\/2024\/05\/IMG_20240523_0011-1-768x510.jpg 768w, https:\/\/theatredufil.fr\/wp-content\/uploads\/2024\/05\/IMG_20240523_0011-1-1536x1020.jpg 1536w, https:\/\/theatredufil.fr\/wp-content\/uploads\/2024\/05\/IMG_20240523_0011-1-2048x1359.jpg 2048w\" sizes=\"auto, (max-width: 1024px) 100vw, 1024px\" \/><\/figure><\/div>\n\n\n\n<div class=\"wp-block-media-text has-media-on-the-right is-stacked-on-mobile\" style=\"grid-template-columns:auto 30%\"><div class=\"wp-block-media-text__content\">\n<p>Les <mark style=\"background-color:rgba(0, 0, 0, 0)\" class=\"has-inline-color has-bg-3-color\">premiers stages d\u2019insertion aux m\u00e9tiers du spectacle organis\u00e9s<\/mark> par le Th\u00e9\u00e2tre du Fil se d\u00e9roulent au sous-sol de la rue Sedaine \u00e0 Paris, dans des locaux mis \u00e0 sa disposition par l\u2019\u00e9ducation surveill\u00e9e.<\/p>\n\n\n\n<p>Jacques Miquel, Alain Viguier et Emmanuelle Lenne ont la volont\u00e9 de <mark style=\"background-color:rgba(0, 0, 0, 0)\" class=\"has-inline-color has-bg-3-color\">rassembler des jeunes provenant de milieux diff\u00e9rents.<\/mark> La mixit\u00e9 et le brassage des jeunes deviennent alors un principe d\u2019organisation. L\u2019\u00e9quipe du Fil d\u00e9fend la <mark style=\"background-color:rgba(0, 0, 0, 0)\" class=\"has-inline-color has-bg-3-color\">n\u00e9cessit\u00e9 d\u2019accorder \u00e0 chaque jeune, avec des parcours personnalis\u00e9s, le temps n\u00e9cessaire pour se reconstruire et acqu\u00e9rir des comp\u00e9tences professionnelles.<\/mark> D\u00e8s les premiers stages, la temporalit\u00e9 joue donc un r\u00f4le crucial dans les activit\u00e9s du Th\u00e9\u00e2tre du Fil.<\/p>\n<\/div><figure class=\"wp-block-media-text__media\"><img loading=\"lazy\" decoding=\"async\" width=\"1024\" height=\"667\" src=\"http:\/\/theatredufil.fr\/wp-content\/uploads\/2024\/05\/IMG_20240523_0003-1-1024x667.jpg\" alt=\"\" class=\"wp-image-1397 size-full\" srcset=\"https:\/\/theatredufil.fr\/wp-content\/uploads\/2024\/05\/IMG_20240523_0003-1-1024x667.jpg 1024w, https:\/\/theatredufil.fr\/wp-content\/uploads\/2024\/05\/IMG_20240523_0003-1-300x195.jpg 300w, https:\/\/theatredufil.fr\/wp-content\/uploads\/2024\/05\/IMG_20240523_0003-1-768x500.jpg 768w, https:\/\/theatredufil.fr\/wp-content\/uploads\/2024\/05\/IMG_20240523_0003-1-1536x1001.jpg 1536w, https:\/\/theatredufil.fr\/wp-content\/uploads\/2024\/05\/IMG_20240523_0003-1-2048x1334.jpg 2048w\" sizes=\"auto, (max-width: 1024px) 100vw, 1024px\" \/><\/figure><\/div>\n\n\n\n<div class=\"wp-block-media-text has-media-on-the-right is-stacked-on-mobile\" style=\"grid-template-columns:auto 30%\"><div class=\"wp-block-media-text__content\">\n<p>Le principe de <mark style=\"background-color:rgba(0, 0, 0, 0)\" class=\"has-inline-color has-bg-3-color\">\u00ab\u00a0faire avec\u00a0\u00bb occupe une position centrale d\u00e8s les premiers stages<\/mark>, les jeunes jouent un r\u00f4le actif dans leur propre formation. L\u2019usage du th\u00e9\u00e2tre comme moyen de formation s\u2019av\u00e8re fructueux pour les groupes de jeunes. <mark style=\"background-color:rgba(0, 0, 0, 0)\" class=\"has-inline-color has-bg-3-color\">Cette approche atypique, centr\u00e9e sur le th\u00e9\u00e2tre, implique un investissement personnel fort,<\/mark> peu courant et peu habituel pour ces jeunes, et pourtant ils s\u2019y engagent.<\/p>\n\n\n\n<p>Le Th\u00e9\u00e2tre du Fil se lance dans des tourn\u00e9es dans les <mark style=\"background-color:rgba(0, 0, 0, 0)\" class=\"has-inline-color has-bg-3-color\">quartiers dit \u00ab\u00a0difficiles\u00a0\u00bb <\/mark>o\u00f9 une vingtaine de compagnons, issus des stages d\u2019insertion, animent des activit\u00e9s th\u00e9\u00e2trales dans divers quartiers, et repr\u00e9sentent leur premi\u00e8re cr\u00e9ation th\u00e9\u00e2trale issue du stage d\u2019insertion\u00a0:\u00a0 \u00ab\u00a0Le m\u00e9decin malgr\u00e9 lui\u00a0\u00bb<strong><em> <\/em><\/strong>de Moli\u00e8re. Cela marque le commencement des tourn\u00e9es du Th\u00e9\u00e2tre du Fil et <mark style=\"background-color:rgba(0, 0, 0, 0)\" class=\"has-inline-color has-bg-3-color\">pose les bases de la compagnie \u00e9cole.<\/mark><\/p>\n<\/div><figure class=\"wp-block-media-text__media\"><img loading=\"lazy\" decoding=\"async\" width=\"1024\" height=\"719\" src=\"http:\/\/theatredufil.fr\/wp-content\/uploads\/2024\/05\/IMG_20240523_0007-1-1024x719.jpg\" alt=\"\" class=\"wp-image-1401 size-full\" srcset=\"https:\/\/theatredufil.fr\/wp-content\/uploads\/2024\/05\/IMG_20240523_0007-1-1024x719.jpg 1024w, https:\/\/theatredufil.fr\/wp-content\/uploads\/2024\/05\/IMG_20240523_0007-1-300x211.jpg 300w, https:\/\/theatredufil.fr\/wp-content\/uploads\/2024\/05\/IMG_20240523_0007-1-768x539.jpg 768w, https:\/\/theatredufil.fr\/wp-content\/uploads\/2024\/05\/IMG_20240523_0007-1-1536x1079.jpg 1536w, https:\/\/theatredufil.fr\/wp-content\/uploads\/2024\/05\/IMG_20240523_0007-1-2048x1438.jpg 2048w\" sizes=\"auto, (max-width: 1024px) 100vw, 1024px\" \/><\/figure><\/div>\n\n\n\n<div class=\"wp-block-media-text has-media-on-the-right is-stacked-on-mobile\" style=\"grid-template-columns:auto 30%\"><div class=\"wp-block-media-text__content\">\n<p class=\"has-large-font-size\">1983\/1997 MONTLIEU <\/p>\n\n\n\n<p>Situ\u00e9 sur la commune d\u2019Emanc\u00e9 au milieu de la <mark style=\"background-color:rgba(0, 0, 0, 0)\" class=\"has-inline-color has-bg-3-color\">for\u00eat de Rambouillet, le ch\u00e2teau de Montlieu<\/mark> est un ancien site ISES (Institut Sp\u00e9cialis\u00e9 d\u2019Education Surveill\u00e9e). En 1983 le Th\u00e9\u00e2tre du Fil s\u2019y installe en accord et coop\u00e9ration, avec la direction de la PJJ de l\u2019\u00e9poque.<\/p>\n\n\n\n<p>La venue du Th\u00e9\u00e2tre du Fil \u00e0 Montlieu redynamise cette infrastructure et le personnel qui participe \u00e0 l\u2019aventure du Fil. Les premiers stagiaires install\u00e9s \u00e0 Montlieu <mark style=\"background-color:rgba(0, 0, 0, 0)\" class=\"has-inline-color has-bg-3-color\">transforment un ancien atelier en salle de Th\u00e9\u00e2tre,<\/mark> ils abattent des cloisons, ils obscurcissent les vitres, repeignent les murs en noir, accrochent des pendrillons, cr\u00e9ent une coulisse, un espace pour la r\u00e9gie, un grand espace <\/p>\n<\/div><figure class=\"wp-block-media-text__media\"><img loading=\"lazy\" decoding=\"async\" width=\"1024\" height=\"705\" src=\"http:\/\/theatredufil.fr\/wp-content\/uploads\/2024\/05\/IMG_20240523_0014-1-1024x705.jpg\" alt=\"\" class=\"wp-image-1407 size-full\" srcset=\"https:\/\/theatredufil.fr\/wp-content\/uploads\/2024\/05\/IMG_20240523_0014-1-1024x705.jpg 1024w, https:\/\/theatredufil.fr\/wp-content\/uploads\/2024\/05\/IMG_20240523_0014-1-300x206.jpg 300w, https:\/\/theatredufil.fr\/wp-content\/uploads\/2024\/05\/IMG_20240523_0014-1-768x528.jpg 768w, https:\/\/theatredufil.fr\/wp-content\/uploads\/2024\/05\/IMG_20240523_0014-1.jpg 1465w\" sizes=\"auto, (max-width: 1024px) 100vw, 1024px\" \/><\/figure><\/div>\n\n\n\n<div class=\"wp-block-media-text has-media-on-the-right is-stacked-on-mobile\" style=\"grid-template-columns:auto 30%\"><div class=\"wp-block-media-text__content\">\n<p>pour le plateau et installent des gradins : ainsi nait le \u00ab\u00a0th\u00e9\u00e2tre noir\u00a0\u00bb. Un autre atelier sera moins transform\u00e9 et servira comme salle de r\u00e9p\u00e9tition, d\u2019atelier pour les d\u00e9cors et \u00e0 l\u2019occasion de salle de spectacle. Comme il est rest\u00e9 en blanc, il sera nomm\u00e9 le \u00ab\u00a0th\u00e9\u00e2tre blanc\u00a0\u00bb.<\/p>\n\n\n\n<p><mark style=\"background-color:rgba(0, 0, 0, 0)\" class=\"has-inline-color has-bg-3-color\">Montlieu devient la base arri\u00e8re du Th\u00e9\u00e2tre du Fil.<\/mark> C\u2019est de l\u00e0 que sont \u00e9labor\u00e9s des stages, des ateliers et que se cr\u00e9ent les spectacles\u00a0: l\u2019hiver dans les salles et au printemps dans la grande cour en plein air pour se pr\u00e9parer aux conditions de la tourn\u00e9e d\u2019\u00e9t\u00e9\u2026<\/p>\n\n\n\n<p>Le Th\u00e9\u00e2tre du Fil dispose d\u2019un outil de cr\u00e9ation formidable pour mener \u00e0 bien <mark style=\"background-color:rgba(0, 0, 0, 0)\" class=\"has-inline-color has-bg-3-color\">ses projets artistiques d\u2019\u00e9ducation populaire.<\/mark> Le site d\u2019Emanc\u00e9, au milieu de la <\/p>\n<\/div><figure class=\"wp-block-media-text__media\"><img loading=\"lazy\" decoding=\"async\" width=\"1024\" height=\"698\" src=\"http:\/\/theatredufil.fr\/wp-content\/uploads\/2024\/05\/IMG_20240523_0012-2-1024x698.jpg\" alt=\"\" class=\"wp-image-1414 size-full\" srcset=\"https:\/\/theatredufil.fr\/wp-content\/uploads\/2024\/05\/IMG_20240523_0012-2-1024x698.jpg 1024w, https:\/\/theatredufil.fr\/wp-content\/uploads\/2024\/05\/IMG_20240523_0012-2-300x204.jpg 300w, https:\/\/theatredufil.fr\/wp-content\/uploads\/2024\/05\/IMG_20240523_0012-2-768x523.jpg 768w, https:\/\/theatredufil.fr\/wp-content\/uploads\/2024\/05\/IMG_20240523_0012-2-1536x1046.jpg 1536w, https:\/\/theatredufil.fr\/wp-content\/uploads\/2024\/05\/IMG_20240523_0012-2.jpg 1732w\" sizes=\"auto, (max-width: 1024px) 100vw, 1024px\" \/><\/figure><\/div>\n\n\n\n<div class=\"wp-block-media-text has-media-on-the-right is-stacked-on-mobile\" style=\"grid-template-columns:auto 30%\"><div class=\"wp-block-media-text__content\">\n<p>for\u00eat offre un cadre propice \u00e0 la cr\u00e9ation artistique o\u00f9 chacun et chacune s\u2019investit et peut s\u2019\u00e9panouir dans la <mark style=\"background-color:rgba(0, 0, 0, 0)\" class=\"has-inline-color has-bg-3-color\">r\u00e9alisation d\u2019une \u0153uvre commune.<\/mark><\/p>\n\n\n\n<p>A ce moment existe une <mark style=\"background-color:rgba(0, 0, 0, 0)\" class=\"has-inline-color has-bg-3-color\">v\u00e9ritable troupe de th\u00e9\u00e2tre<\/mark> qui, s\u2019\u00e9tant engag\u00e9e sur tous les terrains et en direction de tous les publics, est bien plus que cela. L\u2019\u00e9quipe d\u2019encadrement est compos\u00e9e de membres rompus \u00e0 toutes les techniques relevant \u00e0 la fois de la <mark style=\"background-color:rgba(0, 0, 0, 0)\" class=\"has-inline-color has-bg-3-color\">cr\u00e9ation th\u00e9\u00e2trale, de l\u2019animation, et de la formation<\/mark>. Ainsi se trouve constitu\u00e9 un <mark style=\"background-color:rgba(0, 0, 0, 0)\" class=\"has-inline-color has-bg-3-color\">\u00ab\u00a0Centre d\u2019Action Culturelle et Itin\u00e9rant\u00a0\u00bb<\/mark> qui \u00e0 partir de sa base d\u2019Emanc\u00e9, dans les Yvelines, rayonne sur toute la France et au-del\u00e0.<\/p>\n<\/div><figure class=\"wp-block-media-text__media\"><img loading=\"lazy\" decoding=\"async\" width=\"1024\" height=\"766\" src=\"http:\/\/theatredufil.fr\/wp-content\/uploads\/2024\/05\/IMG_20240523_0002-1-1024x766.jpg\" alt=\"\" class=\"wp-image-1396 size-full\" srcset=\"https:\/\/theatredufil.fr\/wp-content\/uploads\/2024\/05\/IMG_20240523_0002-1-1024x766.jpg 1024w, https:\/\/theatredufil.fr\/wp-content\/uploads\/2024\/05\/IMG_20240523_0002-1-300x224.jpg 300w, https:\/\/theatredufil.fr\/wp-content\/uploads\/2024\/05\/IMG_20240523_0002-1-768x574.jpg 768w, https:\/\/theatredufil.fr\/wp-content\/uploads\/2024\/05\/IMG_20240523_0002-1-1536x1149.jpg 1536w, https:\/\/theatredufil.fr\/wp-content\/uploads\/2024\/05\/IMG_20240523_0002-1-2048x1532.jpg 2048w\" sizes=\"auto, (max-width: 1024px) 100vw, 1024px\" \/><\/figure><\/div>\n\n\n\n<div class=\"wp-block-media-text has-media-on-the-right is-stacked-on-mobile\" style=\"grid-template-columns:auto 30%\"><div class=\"wp-block-media-text__content\">\n<p class=\"has-large-font-size\">ALAIN VIGUIER TIRE SA REVERANCE FIN DE L&rsquo;ETE 1986<\/p>\n\n\n\n<p>Quelques temps apr\u00e8s la fin de la tourn\u00e9e d\u2019\u00e9t\u00e9. Il s\u2019est \u00e9teint au ch\u00e2teau de Montlieu <mark style=\"background-color:rgba(0, 0, 0, 0)\" class=\"has-inline-color has-bg-3-color\">dans les bras de son ami, son compagnon de lutte, de sc\u00e8ne et de route Jacques Miquel.<\/mark> Pratiquement toute la troupe \u00e9tait encore en vacances.<\/p>\n\n\n\n<p>Cette ann\u00e9e-l\u00e0 le Th\u00e9\u00e2tre du Fil a jou\u00e9 pour la tourn\u00e9e d\u2019\u00e9t\u00e9 la deuxi\u00e8me version du spectacle \u00ab\u00a0Le songe d\u2019une nuit d\u2019\u00e9t\u00e9\u00a0\u00bb de William Shakespeare mise en sc\u00e8ne par Alain Viguier. La distribution des r\u00f4les \u00e9tait modifi\u00e9e, certains \u00e9taient partis et d\u2019autres sont arriv\u00e9s.<\/p>\n<\/div><figure class=\"wp-block-media-text__media\"><img loading=\"lazy\" decoding=\"async\" width=\"1024\" height=\"659\" src=\"http:\/\/theatredufil.fr\/wp-content\/uploads\/2024\/05\/IMG_20240523_0009-2-1024x659.jpg\" alt=\"\" class=\"wp-image-1415 size-full\" srcset=\"https:\/\/theatredufil.fr\/wp-content\/uploads\/2024\/05\/IMG_20240523_0009-2-1024x659.jpg 1024w, https:\/\/theatredufil.fr\/wp-content\/uploads\/2024\/05\/IMG_20240523_0009-2-300x193.jpg 300w, https:\/\/theatredufil.fr\/wp-content\/uploads\/2024\/05\/IMG_20240523_0009-2-768x494.jpg 768w, https:\/\/theatredufil.fr\/wp-content\/uploads\/2024\/05\/IMG_20240523_0009-2-1536x988.jpg 1536w, https:\/\/theatredufil.fr\/wp-content\/uploads\/2024\/05\/IMG_20240523_0009-2-2048x1318.jpg 2048w\" sizes=\"auto, (max-width: 1024px) 100vw, 1024px\" \/><\/figure><\/div>\n\n\n\n<div class=\"wp-block-media-text has-media-on-the-right is-stacked-on-mobile\" style=\"grid-template-columns:auto 30%\"><div class=\"wp-block-media-text__content\">\n<p><mark style=\"background-color:rgba(0, 0, 0, 0)\" class=\"has-inline-color has-bg-3-color\">La tourn\u00e9e d\u2019\u00e9t\u00e9<\/mark> type \u00e0 cette \u00e9poque se d\u00e9roulait de cette mani\u00e8re\u00a0: Le Th\u00e9\u00e2tre du Fil en partenariat avec les animateurs du quartier, arrivait dans un quartier populaire pour y faire une semaine d\u2019<mark style=\"background-color:rgba(0, 0, 0, 0)\" class=\"has-inline-color has-bg-3-color\">animation et de cr\u00e9ation<\/mark>. Il y avait <mark style=\"background-color:rgba(0, 0, 0, 0)\" class=\"has-inline-color has-bg-3-color\">la parade du Fil<\/mark> qui s\u2019inspirait du spectacle jou\u00e9 pour la saison.<\/p>\n\n\n\n<p>La parade se <mark style=\"background-color:rgba(0, 0, 0, 0)\" class=\"has-inline-color has-bg-3-color\">faisait en costume maquillage et musique<\/mark> (un peu comme au cirque) pour int\u00e9resser les habitants et les inviter \u00e0 <mark style=\"background-color:rgba(0, 0, 0, 0)\" class=\"has-inline-color has-bg-3-color\">rejoindre les ateliers<\/mark>. A la fin de la semaine <mark style=\"background-color:rgba(0, 0, 0, 0)\" class=\"has-inline-color has-bg-3-color\">les habitants jouaient un spectacle<\/mark> qui \u00e9tait le fruit de l\u2019animation r\u00e9alis\u00e9e avec les com\u00e9diens du Fil. Le lendemain le Th\u00e9\u00e2tre du Fil jouait son spectacle pour les habitants du quartier. Et la <mark style=\"background-color:rgba(0, 0, 0, 0)\" class=\"has-inline-color has-bg-3-color\">troupe reprenait sa route<\/mark> vers un autre quartier populaire et comme cela tout l\u2019\u00e9t\u00e9 en y incorporant chaque ann\u00e9e une escale au festival d\u2019Avignon. En 1986 le Th\u00e9\u00e2tre du Fil a jou\u00e9 au camping des libert\u00e9s sur l\u2019ile de la Barthelasse.<\/p>\n<\/div><figure class=\"wp-block-media-text__media\"><img loading=\"lazy\" decoding=\"async\" width=\"1024\" height=\"795\" src=\"http:\/\/theatredufil.fr\/wp-content\/uploads\/2025\/03\/IMG_20240523_0006-1024x795.jpg\" alt=\"\" class=\"wp-image-2147 size-full\" srcset=\"https:\/\/theatredufil.fr\/wp-content\/uploads\/2025\/03\/IMG_20240523_0006-1024x795.jpg 1024w, https:\/\/theatredufil.fr\/wp-content\/uploads\/2025\/03\/IMG_20240523_0006-300x233.jpg 300w, https:\/\/theatredufil.fr\/wp-content\/uploads\/2025\/03\/IMG_20240523_0006-768x596.jpg 768w, https:\/\/theatredufil.fr\/wp-content\/uploads\/2025\/03\/IMG_20240523_0006-1536x1192.jpg 1536w, https:\/\/theatredufil.fr\/wp-content\/uploads\/2025\/03\/IMG_20240523_0006-2048x1589.jpg 2048w\" sizes=\"auto, (max-width: 1024px) 100vw, 1024px\" \/><\/figure><\/div>\n\n\n\n<div style=\"height:40px\" aria-hidden=\"true\" class=\"wp-block-spacer\"><\/div>\n\n\n\n<div class=\"wp-block-media-text has-media-on-the-right is-stacked-on-mobile has-border-color has-bg-3-border-color\" style=\"border-width:30px;grid-template-columns:auto 21%\"><div class=\"wp-block-media-text__content\">\n<p class=\"has-text-align-center has-extralarge-font-size\"><strong><mark style=\"background-color:rgba(0, 0, 0, 0)\" class=\"has-inline-color has-bg-3-color\">HISTORIQUE DES SPECTACLES ET CREATIONS <\/mark><\/strong><\/p>\n\n\n\n<p class=\"has-text-align-center\">Durant cette p\u00e9riode <mark style=\"background-color:rgba(0, 0, 0, 0)\" class=\"has-inline-color has-bg-3-color\">d\u2019Age d\u2019or du Th\u00e9\u00e2tre du fil <\/mark>sa production de spectacle fut prolifique et vari\u00e9e&nbsp;: <mark style=\"background-color:rgba(0, 0, 0, 0)\" class=\"has-inline-color has-bg-3-color\">Ecriture et cr\u00e9ation de pi\u00e8ces<\/mark> de th\u00e9\u00e2tre\/ Cr\u00e9ation de spectacle engag\u00e9&nbsp;\/ cr\u00e9ation de conte pour enfant \/Cr\u00e9ation de spectacle de clown \/ Adaptation de pi\u00e8ces classiques jou\u00e9es en ext\u00e9rieure \u2026.<\/p>\n\n\n\n<p class=\"has-text-align-center\">Bien que nous nous soyons document\u00e9s nous ne pouvons pr\u00e9tendre que la liste que vous trouverez sur ce site soit exhaustive ou chronologique.<\/p>\n\n\n\n<div class=\"wp-block-buttons is-content-justification-center is-layout-flex wp-container-core-buttons-is-layout-a89b3969 wp-block-buttons-is-layout-flex\">\n<div class=\"wp-block-button\"><a class=\"wp-block-button__link wp-element-button\" href=\"https:\/\/theatredufil.fr\/index.php\/historique-des-spectacles\/\">HISTORIQUE DES SPECTACLES<\/a><\/div>\n<\/div>\n<\/div><figure class=\"wp-block-media-text__media\"><img loading=\"lazy\" decoding=\"async\" width=\"734\" height=\"1024\" src=\"http:\/\/theatredufil.fr\/wp-content\/uploads\/2024\/05\/IMG_20240523_0005-734x1024.jpg\" alt=\"\" class=\"wp-image-1399 size-full\" srcset=\"https:\/\/theatredufil.fr\/wp-content\/uploads\/2024\/05\/IMG_20240523_0005-734x1024.jpg 734w, https:\/\/theatredufil.fr\/wp-content\/uploads\/2024\/05\/IMG_20240523_0005-215x300.jpg 215w, https:\/\/theatredufil.fr\/wp-content\/uploads\/2024\/05\/IMG_20240523_0005-768x1071.jpg 768w, https:\/\/theatredufil.fr\/wp-content\/uploads\/2024\/05\/IMG_20240523_0005.jpg 833w\" sizes=\"auto, (max-width: 734px) 100vw, 734px\" \/><\/figure><\/div>\n\n\n\n<div style=\"height:50px\" aria-hidden=\"true\" class=\"wp-block-spacer\"><\/div>\n\n\n\n<div id=\"envira-gallery-wrap-1353\" class=\"envira-gallery-wrap envira-gallery-theme-base envira-lightbox-theme-base\" itemscope itemtype=\"https:\/\/schema.org\/ImageGallery\"><div data-row-height=\"150\" data-gallery-theme=\"normal\" id=\"envira-gallery-1353\" class=\"envira-gallery-public envira-gallery-justified-public envira-gallery-0-columns envira-clear enviratope envira-gallery-css-animations\" data-envira-columns=\"0\"><div id=\"envira-gallery-item-1395\" class=\"envira-gallery-item enviratope-item envira-gallery-item-1 envira-lazy-load\" style=\"padding-left: 5px; padding-bottom: 10px; padding-right: 5px;\"  itemscope itemtype=\"https:\/\/schema.org\/ImageObject\"><div class=\"envira-gallery-item-inner\"><div class=\"envira-gallery-position-overlay  envira-gallery-top-left\"><\/div><div class=\"envira-gallery-position-overlay  envira-gallery-top-right\"><\/div><div class=\"envira-gallery-position-overlay  envira-gallery-bottom-left\"><\/div><div class=\"envira-gallery-position-overlay  envira-gallery-bottom-right\"><\/div><a href=\"http:\/\/theatredufil.fr\/wp-content\/uploads\/2024\/05\/IMG_20240523_0001-1-scaled.jpg\" class=\"envira-gallery-1353 envira-gallery-link\" rel=\"enviragallery1353\" title=\"\" data-envira-caption=\"\" data-envira-retina=\"\" data-thumbnail=\"\"  itemprop=\"contentUrl\"><img decoding=\"async\" id=\"envira-gallery-image-1395\" class=\"envira-gallery-image envira-gallery-image-1 envira-normal envira-lazy\" data-envira-index=\"1\" src=\"https:\/\/theatredufil.fr\/wp-content\/uploads\/2024\/05\/IMG_20240523_0001-1-1024x764-640x480.jpg\" data-envira-src=\"https:\/\/theatredufil.fr\/wp-content\/uploads\/2024\/05\/IMG_20240523_0001-1-1024x764-640x480.jpg\" data-envira-gallery-id=\"1353\" data-envira-item-id=\"1395\" data-envira-caption=\"\" alt=\"\" title=\"\"  itemprop=\"thumbnailUrl\" data-envira-srcset=\"https:\/\/theatredufil.fr\/wp-content\/uploads\/2024\/05\/IMG_20240523_0001-1-1024x764-640x480.jpg 400w,https:\/\/theatredufil.fr\/wp-content\/uploads\/2024\/05\/IMG_20240523_0001-1-1024x764-640x480.jpg 2x\" data-envira-width=\"300\" data-envira-height=\"224\" srcset=\"data:image\/gif;base64,R0lGODlhAQABAIAAAP\/\/\/\/\/\/\/yH5BAEKAAEALAAAAAABAAEAAAICTAEAOw==\" data-safe-src=\"data:image\/gif;base64,R0lGODlhAQABAIAAAP\/\/\/\/\/\/\/yH5BAEKAAEALAAAAAABAAEAAAICTAEAOw==\" \/><\/a><\/div><\/div><div id=\"envira-gallery-item-1396\" class=\"envira-gallery-item enviratope-item envira-gallery-item-2 envira-lazy-load\" style=\"padding-left: 5px; padding-bottom: 10px; padding-right: 5px;\"  itemscope itemtype=\"https:\/\/schema.org\/ImageObject\"><div class=\"envira-gallery-item-inner\"><div class=\"envira-gallery-position-overlay  envira-gallery-top-left\"><\/div><div class=\"envira-gallery-position-overlay  envira-gallery-top-right\"><\/div><div class=\"envira-gallery-position-overlay  envira-gallery-bottom-left\"><\/div><div class=\"envira-gallery-position-overlay  envira-gallery-bottom-right\"><\/div><a href=\"http:\/\/theatredufil.fr\/wp-content\/uploads\/2024\/05\/IMG_20240523_0002-1-scaled.jpg\" class=\"envira-gallery-1353 envira-gallery-link\" rel=\"enviragallery1353\" title=\"\" data-envira-caption=\"\" data-envira-retina=\"\" data-thumbnail=\"\"  itemprop=\"contentUrl\"><img decoding=\"async\" id=\"envira-gallery-image-1396\" class=\"envira-gallery-image envira-gallery-image-2 envira-normal envira-lazy\" data-envira-index=\"2\" src=\"https:\/\/theatredufil.fr\/wp-content\/uploads\/2024\/05\/IMG_20240523_0002-1-1024x766-640x480.jpg\" data-envira-src=\"https:\/\/theatredufil.fr\/wp-content\/uploads\/2024\/05\/IMG_20240523_0002-1-1024x766-640x480.jpg\" data-envira-gallery-id=\"1353\" data-envira-item-id=\"1396\" data-envira-caption=\"\" alt=\"\" title=\"\"  itemprop=\"thumbnailUrl\" data-envira-srcset=\"https:\/\/theatredufil.fr\/wp-content\/uploads\/2024\/05\/IMG_20240523_0002-1-1024x766-640x480.jpg 400w,https:\/\/theatredufil.fr\/wp-content\/uploads\/2024\/05\/IMG_20240523_0002-1-1024x766-640x480.jpg 2x\" data-envira-width=\"300\" data-envira-height=\"224\" srcset=\"data:image\/gif;base64,R0lGODlhAQABAIAAAP\/\/\/\/\/\/\/yH5BAEKAAEALAAAAAABAAEAAAICTAEAOw==\" data-safe-src=\"data:image\/gif;base64,R0lGODlhAQABAIAAAP\/\/\/\/\/\/\/yH5BAEKAAEALAAAAAABAAEAAAICTAEAOw==\" \/><\/a><\/div><\/div><div id=\"envira-gallery-item-1397\" class=\"envira-gallery-item enviratope-item envira-gallery-item-3 envira-lazy-load\" style=\"padding-left: 5px; padding-bottom: 10px; padding-right: 5px;\"  itemscope itemtype=\"https:\/\/schema.org\/ImageObject\"><div class=\"envira-gallery-item-inner\"><div class=\"envira-gallery-position-overlay  envira-gallery-top-left\"><\/div><div class=\"envira-gallery-position-overlay  envira-gallery-top-right\"><\/div><div class=\"envira-gallery-position-overlay  envira-gallery-bottom-left\"><\/div><div class=\"envira-gallery-position-overlay  envira-gallery-bottom-right\"><\/div><a href=\"http:\/\/theatredufil.fr\/wp-content\/uploads\/2024\/05\/IMG_20240523_0003-1.jpg\" class=\"envira-gallery-1353 envira-gallery-link\" rel=\"enviragallery1353\" title=\"\" data-envira-caption=\"\" data-envira-retina=\"\" data-thumbnail=\"\"  itemprop=\"contentUrl\"><img decoding=\"async\" id=\"envira-gallery-image-1397\" class=\"envira-gallery-image envira-gallery-image-3 envira-normal envira-lazy\" data-envira-index=\"3\" src=\"https:\/\/theatredufil.fr\/wp-content\/uploads\/2024\/05\/IMG_20240523_0003-1-1024x667-640x480.jpg\" data-envira-src=\"https:\/\/theatredufil.fr\/wp-content\/uploads\/2024\/05\/IMG_20240523_0003-1-1024x667-640x480.jpg\" data-envira-gallery-id=\"1353\" data-envira-item-id=\"1397\" data-envira-caption=\"\" alt=\"\" title=\"\"  itemprop=\"thumbnailUrl\" data-envira-srcset=\"https:\/\/theatredufil.fr\/wp-content\/uploads\/2024\/05\/IMG_20240523_0003-1-1024x667-640x480.jpg 400w,https:\/\/theatredufil.fr\/wp-content\/uploads\/2024\/05\/IMG_20240523_0003-1-1024x667-640x480.jpg 2x\" data-envira-width=\"300\" data-envira-height=\"195\" srcset=\"data:image\/gif;base64,R0lGODlhAQABAIAAAP\/\/\/\/\/\/\/yH5BAEKAAEALAAAAAABAAEAAAICTAEAOw==\" data-safe-src=\"data:image\/gif;base64,R0lGODlhAQABAIAAAP\/\/\/\/\/\/\/yH5BAEKAAEALAAAAAABAAEAAAICTAEAOw==\" \/><\/a><\/div><\/div><div id=\"envira-gallery-item-1398\" class=\"envira-gallery-item enviratope-item envira-gallery-item-4 envira-lazy-load\" style=\"padding-left: 5px; padding-bottom: 10px; padding-right: 5px;\"  itemscope itemtype=\"https:\/\/schema.org\/ImageObject\"><div class=\"envira-gallery-item-inner\"><div class=\"envira-gallery-position-overlay  envira-gallery-top-left\"><\/div><div class=\"envira-gallery-position-overlay  envira-gallery-top-right\"><\/div><div class=\"envira-gallery-position-overlay  envira-gallery-bottom-left\"><\/div><div class=\"envira-gallery-position-overlay  envira-gallery-bottom-right\"><\/div><a href=\"http:\/\/theatredufil.fr\/wp-content\/uploads\/2024\/05\/IMG_20240523_0004-1.jpg\" class=\"envira-gallery-1353 envira-gallery-link\" rel=\"enviragallery1353\" title=\"\" data-envira-caption=\"\" data-envira-retina=\"\" data-thumbnail=\"\"  itemprop=\"contentUrl\"><img decoding=\"async\" id=\"envira-gallery-image-1398\" class=\"envira-gallery-image envira-gallery-image-4 envira-normal envira-lazy\" data-envira-index=\"4\" src=\"https:\/\/theatredufil.fr\/wp-content\/uploads\/2024\/05\/IMG_20240523_0004-1-1024x663-640x480.jpg\" data-envira-src=\"https:\/\/theatredufil.fr\/wp-content\/uploads\/2024\/05\/IMG_20240523_0004-1-1024x663-640x480.jpg\" data-envira-gallery-id=\"1353\" data-envira-item-id=\"1398\" data-envira-caption=\"\" alt=\"\" title=\"\"  itemprop=\"thumbnailUrl\" data-envira-srcset=\"https:\/\/theatredufil.fr\/wp-content\/uploads\/2024\/05\/IMG_20240523_0004-1-1024x663-640x480.jpg 400w,https:\/\/theatredufil.fr\/wp-content\/uploads\/2024\/05\/IMG_20240523_0004-1-1024x663-640x480.jpg 2x\" data-envira-width=\"300\" data-envira-height=\"194\" srcset=\"data:image\/gif;base64,R0lGODlhAQABAIAAAP\/\/\/\/\/\/\/yH5BAEKAAEALAAAAAABAAEAAAICTAEAOw==\" data-safe-src=\"data:image\/gif;base64,R0lGODlhAQABAIAAAP\/\/\/\/\/\/\/yH5BAEKAAEALAAAAAABAAEAAAICTAEAOw==\" \/><\/a><\/div><\/div><div id=\"envira-gallery-item-1399\" class=\"envira-gallery-item enviratope-item envira-gallery-item-5 envira-lazy-load\" style=\"padding-left: 5px; padding-bottom: 10px; padding-right: 5px;\"  itemscope itemtype=\"https:\/\/schema.org\/ImageObject\"><div class=\"envira-gallery-item-inner\"><div class=\"envira-gallery-position-overlay  envira-gallery-top-left\"><\/div><div class=\"envira-gallery-position-overlay  envira-gallery-top-right\"><\/div><div class=\"envira-gallery-position-overlay  envira-gallery-bottom-left\"><\/div><div class=\"envira-gallery-position-overlay  envira-gallery-bottom-right\"><\/div><a href=\"http:\/\/theatredufil.fr\/wp-content\/uploads\/2024\/05\/IMG_20240523_0005.jpg\" class=\"envira-gallery-1353 envira-gallery-link\" rel=\"enviragallery1353\" title=\"\" data-envira-caption=\"\" data-envira-retina=\"\" data-thumbnail=\"\"  itemprop=\"contentUrl\"><img decoding=\"async\" id=\"envira-gallery-image-1399\" class=\"envira-gallery-image envira-gallery-image-5 envira-normal envira-lazy\" data-envira-index=\"5\" src=\"https:\/\/theatredufil.fr\/wp-content\/uploads\/2024\/05\/IMG_20240523_0005-734x1024-640x480.jpg\" data-envira-src=\"https:\/\/theatredufil.fr\/wp-content\/uploads\/2024\/05\/IMG_20240523_0005-734x1024-640x480.jpg\" data-envira-gallery-id=\"1353\" data-envira-item-id=\"1399\" data-envira-caption=\"\" alt=\"\" title=\"\"  itemprop=\"thumbnailUrl\" data-envira-srcset=\"https:\/\/theatredufil.fr\/wp-content\/uploads\/2024\/05\/IMG_20240523_0005-734x1024-640x480.jpg 400w,https:\/\/theatredufil.fr\/wp-content\/uploads\/2024\/05\/IMG_20240523_0005-734x1024-640x480.jpg 2x\" data-envira-width=\"215\" data-envira-height=\"300\" srcset=\"data:image\/gif;base64,R0lGODlhAQABAIAAAP\/\/\/\/\/\/\/yH5BAEKAAEALAAAAAABAAEAAAICTAEAOw==\" data-safe-src=\"data:image\/gif;base64,R0lGODlhAQABAIAAAP\/\/\/\/\/\/\/yH5BAEKAAEALAAAAAABAAEAAAICTAEAOw==\" \/><\/a><\/div><\/div><div id=\"envira-gallery-item-1400\" class=\"envira-gallery-item enviratope-item envira-gallery-item-6 envira-lazy-load\" style=\"padding-left: 5px; padding-bottom: 10px; padding-right: 5px;\"  itemscope itemtype=\"https:\/\/schema.org\/ImageObject\"><div class=\"envira-gallery-item-inner\"><div class=\"envira-gallery-position-overlay  envira-gallery-top-left\"><\/div><div class=\"envira-gallery-position-overlay  envira-gallery-top-right\"><\/div><div class=\"envira-gallery-position-overlay  envira-gallery-bottom-left\"><\/div><div class=\"envira-gallery-position-overlay  envira-gallery-bottom-right\"><\/div><a href=\"http:\/\/theatredufil.fr\/wp-content\/uploads\/2024\/05\/IMG_20240523_0006-1-scaled.jpg\" class=\"envira-gallery-1353 envira-gallery-link\" rel=\"enviragallery1353\" title=\"\" data-envira-caption=\"\" data-envira-retina=\"\" data-thumbnail=\"\"  itemprop=\"contentUrl\"><img decoding=\"async\" id=\"envira-gallery-image-1400\" class=\"envira-gallery-image envira-gallery-image-6 envira-normal envira-lazy\" data-envira-index=\"6\" src=\"https:\/\/theatredufil.fr\/wp-content\/uploads\/2024\/05\/IMG_20240523_0006-1-1024x682-640x480.jpg\" data-envira-src=\"https:\/\/theatredufil.fr\/wp-content\/uploads\/2024\/05\/IMG_20240523_0006-1-1024x682-640x480.jpg\" data-envira-gallery-id=\"1353\" data-envira-item-id=\"1400\" data-envira-caption=\"\" alt=\"\" title=\"\"  itemprop=\"thumbnailUrl\" data-envira-srcset=\"https:\/\/theatredufil.fr\/wp-content\/uploads\/2024\/05\/IMG_20240523_0006-1-1024x682-640x480.jpg 400w,https:\/\/theatredufil.fr\/wp-content\/uploads\/2024\/05\/IMG_20240523_0006-1-1024x682-640x480.jpg 2x\" data-envira-width=\"300\" data-envira-height=\"200\" srcset=\"data:image\/gif;base64,R0lGODlhAQABAIAAAP\/\/\/\/\/\/\/yH5BAEKAAEALAAAAAABAAEAAAICTAEAOw==\" data-safe-src=\"data:image\/gif;base64,R0lGODlhAQABAIAAAP\/\/\/\/\/\/\/yH5BAEKAAEALAAAAAABAAEAAAICTAEAOw==\" \/><\/a><\/div><\/div><div id=\"envira-gallery-item-1401\" class=\"envira-gallery-item enviratope-item envira-gallery-item-7 envira-lazy-load\" style=\"padding-left: 5px; padding-bottom: 10px; padding-right: 5px;\"  itemscope itemtype=\"https:\/\/schema.org\/ImageObject\"><div class=\"envira-gallery-item-inner\"><div class=\"envira-gallery-position-overlay  envira-gallery-top-left\"><\/div><div class=\"envira-gallery-position-overlay  envira-gallery-top-right\"><\/div><div class=\"envira-gallery-position-overlay  envira-gallery-bottom-left\"><\/div><div class=\"envira-gallery-position-overlay  envira-gallery-bottom-right\"><\/div><a href=\"http:\/\/theatredufil.fr\/wp-content\/uploads\/2024\/05\/IMG_20240523_0007-1.jpg\" class=\"envira-gallery-1353 envira-gallery-link\" rel=\"enviragallery1353\" title=\"\" data-envira-caption=\"\" data-envira-retina=\"\" data-thumbnail=\"\"  itemprop=\"contentUrl\"><img decoding=\"async\" id=\"envira-gallery-image-1401\" class=\"envira-gallery-image envira-gallery-image-7 envira-normal envira-lazy\" data-envira-index=\"7\" src=\"https:\/\/theatredufil.fr\/wp-content\/uploads\/2024\/05\/IMG_20240523_0007-1-1024x719-640x480.jpg\" data-envira-src=\"https:\/\/theatredufil.fr\/wp-content\/uploads\/2024\/05\/IMG_20240523_0007-1-1024x719-640x480.jpg\" data-envira-gallery-id=\"1353\" data-envira-item-id=\"1401\" data-envira-caption=\"\" alt=\"\" title=\"\"  itemprop=\"thumbnailUrl\" data-envira-srcset=\"https:\/\/theatredufil.fr\/wp-content\/uploads\/2024\/05\/IMG_20240523_0007-1-1024x719-640x480.jpg 400w,https:\/\/theatredufil.fr\/wp-content\/uploads\/2024\/05\/IMG_20240523_0007-1-1024x719-640x480.jpg 2x\" data-envira-width=\"300\" data-envira-height=\"211\" srcset=\"data:image\/gif;base64,R0lGODlhAQABAIAAAP\/\/\/\/\/\/\/yH5BAEKAAEALAAAAAABAAEAAAICTAEAOw==\" data-safe-src=\"data:image\/gif;base64,R0lGODlhAQABAIAAAP\/\/\/\/\/\/\/yH5BAEKAAEALAAAAAABAAEAAAICTAEAOw==\" \/><\/a><\/div><\/div><div id=\"envira-gallery-item-1402\" class=\"envira-gallery-item enviratope-item envira-gallery-item-8 envira-lazy-load\" style=\"padding-left: 5px; padding-bottom: 10px; padding-right: 5px;\"  itemscope itemtype=\"https:\/\/schema.org\/ImageObject\"><div class=\"envira-gallery-item-inner\"><div class=\"envira-gallery-position-overlay  envira-gallery-top-left\"><\/div><div class=\"envira-gallery-position-overlay  envira-gallery-top-right\"><\/div><div class=\"envira-gallery-position-overlay  envira-gallery-bottom-left\"><\/div><div class=\"envira-gallery-position-overlay  envira-gallery-bottom-right\"><\/div><a href=\"http:\/\/theatredufil.fr\/wp-content\/uploads\/2024\/05\/IMG_20240523_0009-1.jpg\" class=\"envira-gallery-1353 envira-gallery-link\" rel=\"enviragallery1353\" title=\"\" data-envira-caption=\"\" data-envira-retina=\"\" data-thumbnail=\"\"  itemprop=\"contentUrl\"><img decoding=\"async\" id=\"envira-gallery-image-1402\" class=\"envira-gallery-image envira-gallery-image-8 envira-normal envira-lazy\" data-envira-index=\"8\" src=\"https:\/\/theatredufil.fr\/wp-content\/uploads\/2024\/05\/IMG_20240523_0009-1-1024x659-640x480.jpg\" data-envira-src=\"https:\/\/theatredufil.fr\/wp-content\/uploads\/2024\/05\/IMG_20240523_0009-1-1024x659-640x480.jpg\" data-envira-gallery-id=\"1353\" data-envira-item-id=\"1402\" data-envira-caption=\"\" alt=\"\" title=\"\"  itemprop=\"thumbnailUrl\" data-envira-srcset=\"https:\/\/theatredufil.fr\/wp-content\/uploads\/2024\/05\/IMG_20240523_0009-1-1024x659-640x480.jpg 400w,https:\/\/theatredufil.fr\/wp-content\/uploads\/2024\/05\/IMG_20240523_0009-1-1024x659-640x480.jpg 2x\" data-envira-width=\"300\" data-envira-height=\"193\" srcset=\"data:image\/gif;base64,R0lGODlhAQABAIAAAP\/\/\/\/\/\/\/yH5BAEKAAEALAAAAAABAAEAAAICTAEAOw==\" data-safe-src=\"data:image\/gif;base64,R0lGODlhAQABAIAAAP\/\/\/\/\/\/\/yH5BAEKAAEALAAAAAABAAEAAAICTAEAOw==\" \/><\/a><\/div><\/div><div id=\"envira-gallery-item-1403\" class=\"envira-gallery-item enviratope-item envira-gallery-item-9 envira-lazy-load\" style=\"padding-left: 5px; padding-bottom: 10px; padding-right: 5px;\"  itemscope itemtype=\"https:\/\/schema.org\/ImageObject\"><div class=\"envira-gallery-item-inner\"><div class=\"envira-gallery-position-overlay  envira-gallery-top-left\"><\/div><div class=\"envira-gallery-position-overlay  envira-gallery-top-right\"><\/div><div class=\"envira-gallery-position-overlay  envira-gallery-bottom-left\"><\/div><div class=\"envira-gallery-position-overlay  envira-gallery-bottom-right\"><\/div><a href=\"http:\/\/theatredufil.fr\/wp-content\/uploads\/2024\/05\/IMG_20240523_0010-1.jpg\" class=\"envira-gallery-1353 envira-gallery-link\" rel=\"enviragallery1353\" title=\"\" data-envira-caption=\"\" data-envira-retina=\"\" data-thumbnail=\"\"  itemprop=\"contentUrl\"><img decoding=\"async\" id=\"envira-gallery-image-1403\" class=\"envira-gallery-image envira-gallery-image-9 envira-normal envira-lazy\" data-envira-index=\"9\" src=\"https:\/\/theatredufil.fr\/wp-content\/uploads\/2024\/05\/IMG_20240523_0010-1-1024x672-640x480.jpg\" data-envira-src=\"https:\/\/theatredufil.fr\/wp-content\/uploads\/2024\/05\/IMG_20240523_0010-1-1024x672-640x480.jpg\" data-envira-gallery-id=\"1353\" data-envira-item-id=\"1403\" data-envira-caption=\"\" alt=\"\" title=\"\"  itemprop=\"thumbnailUrl\" data-envira-srcset=\"https:\/\/theatredufil.fr\/wp-content\/uploads\/2024\/05\/IMG_20240523_0010-1-1024x672-640x480.jpg 400w,https:\/\/theatredufil.fr\/wp-content\/uploads\/2024\/05\/IMG_20240523_0010-1-1024x672-640x480.jpg 2x\" data-envira-width=\"300\" data-envira-height=\"197\" srcset=\"data:image\/gif;base64,R0lGODlhAQABAIAAAP\/\/\/\/\/\/\/yH5BAEKAAEALAAAAAABAAEAAAICTAEAOw==\" data-safe-src=\"data:image\/gif;base64,R0lGODlhAQABAIAAAP\/\/\/\/\/\/\/yH5BAEKAAEALAAAAAABAAEAAAICTAEAOw==\" \/><\/a><\/div><\/div><div id=\"envira-gallery-item-1404\" class=\"envira-gallery-item enviratope-item envira-gallery-item-10 envira-lazy-load\" style=\"padding-left: 5px; padding-bottom: 10px; padding-right: 5px;\"  itemscope itemtype=\"https:\/\/schema.org\/ImageObject\"><div class=\"envira-gallery-item-inner\"><div class=\"envira-gallery-position-overlay  envira-gallery-top-left\"><\/div><div class=\"envira-gallery-position-overlay  envira-gallery-top-right\"><\/div><div class=\"envira-gallery-position-overlay  envira-gallery-bottom-left\"><\/div><div class=\"envira-gallery-position-overlay  envira-gallery-bottom-right\"><\/div><a href=\"http:\/\/theatredufil.fr\/wp-content\/uploads\/2024\/05\/IMG_20240523_0011-1.jpg\" class=\"envira-gallery-1353 envira-gallery-link\" rel=\"enviragallery1353\" title=\"\" data-envira-caption=\"\" data-envira-retina=\"\" data-thumbnail=\"\"  itemprop=\"contentUrl\"><img decoding=\"async\" id=\"envira-gallery-image-1404\" class=\"envira-gallery-image envira-gallery-image-10 envira-normal envira-lazy\" data-envira-index=\"10\" src=\"https:\/\/theatredufil.fr\/wp-content\/uploads\/2024\/05\/IMG_20240523_0011-1-1024x680-640x480.jpg\" data-envira-src=\"https:\/\/theatredufil.fr\/wp-content\/uploads\/2024\/05\/IMG_20240523_0011-1-1024x680-640x480.jpg\" data-envira-gallery-id=\"1353\" data-envira-item-id=\"1404\" data-envira-caption=\"\" alt=\"\" title=\"\"  itemprop=\"thumbnailUrl\" data-envira-srcset=\"https:\/\/theatredufil.fr\/wp-content\/uploads\/2024\/05\/IMG_20240523_0011-1-1024x680-640x480.jpg 400w,https:\/\/theatredufil.fr\/wp-content\/uploads\/2024\/05\/IMG_20240523_0011-1-1024x680-640x480.jpg 2x\" data-envira-width=\"300\" data-envira-height=\"199\" srcset=\"data:image\/gif;base64,R0lGODlhAQABAIAAAP\/\/\/\/\/\/\/yH5BAEKAAEALAAAAAABAAEAAAICTAEAOw==\" data-safe-src=\"data:image\/gif;base64,R0lGODlhAQABAIAAAP\/\/\/\/\/\/\/yH5BAEKAAEALAAAAAABAAEAAAICTAEAOw==\" \/><\/a><\/div><\/div><div id=\"envira-gallery-item-1405\" class=\"envira-gallery-item enviratope-item envira-gallery-item-11 envira-lazy-load\" style=\"padding-left: 5px; padding-bottom: 10px; padding-right: 5px;\"  itemscope itemtype=\"https:\/\/schema.org\/ImageObject\"><div class=\"envira-gallery-item-inner\"><div class=\"envira-gallery-position-overlay  envira-gallery-top-left\"><\/div><div class=\"envira-gallery-position-overlay  envira-gallery-top-right\"><\/div><div class=\"envira-gallery-position-overlay  envira-gallery-bottom-left\"><\/div><div class=\"envira-gallery-position-overlay  envira-gallery-bottom-right\"><\/div><a href=\"http:\/\/theatredufil.fr\/wp-content\/uploads\/2024\/05\/IMG_20240523_0012-1.jpg\" class=\"envira-gallery-1353 envira-gallery-link\" rel=\"enviragallery1353\" title=\"\" data-envira-caption=\"\" data-envira-retina=\"\" data-thumbnail=\"\"  itemprop=\"contentUrl\"><img decoding=\"async\" id=\"envira-gallery-image-1405\" class=\"envira-gallery-image envira-gallery-image-11 envira-normal envira-lazy\" data-envira-index=\"11\" src=\"https:\/\/theatredufil.fr\/wp-content\/uploads\/2024\/05\/IMG_20240523_0012-1-1024x698-640x480.jpg\" data-envira-src=\"https:\/\/theatredufil.fr\/wp-content\/uploads\/2024\/05\/IMG_20240523_0012-1-1024x698-640x480.jpg\" data-envira-gallery-id=\"1353\" data-envira-item-id=\"1405\" data-envira-caption=\"\" alt=\"\" title=\"\"  itemprop=\"thumbnailUrl\" data-envira-srcset=\"https:\/\/theatredufil.fr\/wp-content\/uploads\/2024\/05\/IMG_20240523_0012-1-1024x698-640x480.jpg 400w,https:\/\/theatredufil.fr\/wp-content\/uploads\/2024\/05\/IMG_20240523_0012-1-1024x698-640x480.jpg 2x\" data-envira-width=\"300\" data-envira-height=\"204\" srcset=\"data:image\/gif;base64,R0lGODlhAQABAIAAAP\/\/\/\/\/\/\/yH5BAEKAAEALAAAAAABAAEAAAICTAEAOw==\" data-safe-src=\"data:image\/gif;base64,R0lGODlhAQABAIAAAP\/\/\/\/\/\/\/yH5BAEKAAEALAAAAAABAAEAAAICTAEAOw==\" \/><\/a><\/div><\/div><div id=\"envira-gallery-item-1406\" class=\"envira-gallery-item enviratope-item envira-gallery-item-12 envira-lazy-load\" style=\"padding-left: 5px; padding-bottom: 10px; padding-right: 5px;\"  itemscope itemtype=\"https:\/\/schema.org\/ImageObject\"><div class=\"envira-gallery-item-inner\"><div class=\"envira-gallery-position-overlay  envira-gallery-top-left\"><\/div><div class=\"envira-gallery-position-overlay  envira-gallery-top-right\"><\/div><div class=\"envira-gallery-position-overlay  envira-gallery-bottom-left\"><\/div><div class=\"envira-gallery-position-overlay  envira-gallery-bottom-right\"><\/div><a href=\"http:\/\/theatredufil.fr\/wp-content\/uploads\/2024\/05\/IMG_20240523_0013-1.jpg\" class=\"envira-gallery-1353 envira-gallery-link\" rel=\"enviragallery1353\" title=\"\" data-envira-caption=\"\" data-envira-retina=\"\" data-thumbnail=\"\"  itemprop=\"contentUrl\"><img decoding=\"async\" id=\"envira-gallery-image-1406\" class=\"envira-gallery-image envira-gallery-image-12 envira-normal envira-lazy\" data-envira-index=\"12\" src=\"https:\/\/theatredufil.fr\/wp-content\/uploads\/2024\/05\/IMG_20240523_0013-1-1024x729-640x480.jpg\" data-envira-src=\"https:\/\/theatredufil.fr\/wp-content\/uploads\/2024\/05\/IMG_20240523_0013-1-1024x729-640x480.jpg\" data-envira-gallery-id=\"1353\" data-envira-item-id=\"1406\" data-envira-caption=\"\" alt=\"\" title=\"\"  itemprop=\"thumbnailUrl\" data-envira-srcset=\"https:\/\/theatredufil.fr\/wp-content\/uploads\/2024\/05\/IMG_20240523_0013-1-1024x729-640x480.jpg 400w,https:\/\/theatredufil.fr\/wp-content\/uploads\/2024\/05\/IMG_20240523_0013-1-1024x729-640x480.jpg 2x\" data-envira-width=\"300\" data-envira-height=\"214\" srcset=\"data:image\/gif;base64,R0lGODlhAQABAIAAAP\/\/\/\/\/\/\/yH5BAEKAAEALAAAAAABAAEAAAICTAEAOw==\" data-safe-src=\"data:image\/gif;base64,R0lGODlhAQABAIAAAP\/\/\/\/\/\/\/yH5BAEKAAEALAAAAAABAAEAAAICTAEAOw==\" \/><\/a><\/div><\/div><div id=\"envira-gallery-item-1407\" class=\"envira-gallery-item enviratope-item envira-gallery-item-13 envira-lazy-load\" style=\"padding-left: 5px; padding-bottom: 10px; padding-right: 5px;\"  itemscope itemtype=\"https:\/\/schema.org\/ImageObject\"><div class=\"envira-gallery-item-inner\"><div class=\"envira-gallery-position-overlay  envira-gallery-top-left\"><\/div><div class=\"envira-gallery-position-overlay  envira-gallery-top-right\"><\/div><div class=\"envira-gallery-position-overlay  envira-gallery-bottom-left\"><\/div><div class=\"envira-gallery-position-overlay  envira-gallery-bottom-right\"><\/div><a href=\"http:\/\/theatredufil.fr\/wp-content\/uploads\/2024\/05\/IMG_20240523_0014-1.jpg\" class=\"envira-gallery-1353 envira-gallery-link\" rel=\"enviragallery1353\" title=\"\" data-envira-caption=\"\" data-envira-retina=\"\" data-thumbnail=\"\"  itemprop=\"contentUrl\"><img decoding=\"async\" id=\"envira-gallery-image-1407\" class=\"envira-gallery-image envira-gallery-image-13 envira-normal envira-lazy\" data-envira-index=\"13\" src=\"https:\/\/theatredufil.fr\/wp-content\/uploads\/2024\/05\/IMG_20240523_0014-1-1024x705-640x480.jpg\" data-envira-src=\"https:\/\/theatredufil.fr\/wp-content\/uploads\/2024\/05\/IMG_20240523_0014-1-1024x705-640x480.jpg\" data-envira-gallery-id=\"1353\" data-envira-item-id=\"1407\" data-envira-caption=\"\" alt=\"\" title=\"\"  itemprop=\"thumbnailUrl\" data-envira-srcset=\"https:\/\/theatredufil.fr\/wp-content\/uploads\/2024\/05\/IMG_20240523_0014-1-1024x705-640x480.jpg 400w,https:\/\/theatredufil.fr\/wp-content\/uploads\/2024\/05\/IMG_20240523_0014-1-1024x705-640x480.jpg 2x\" data-envira-width=\"300\" data-envira-height=\"206\" srcset=\"data:image\/gif;base64,R0lGODlhAQABAIAAAP\/\/\/\/\/\/\/yH5BAEKAAEALAAAAAABAAEAAAICTAEAOw==\" data-safe-src=\"data:image\/gif;base64,R0lGODlhAQABAIAAAP\/\/\/\/\/\/\/yH5BAEKAAEALAAAAAABAAEAAAICTAEAOw==\" \/><\/a><\/div><\/div><div id=\"envira-gallery-item-1409\" class=\"envira-gallery-item enviratope-item envira-gallery-item-14 envira-lazy-load\" style=\"padding-left: 5px; padding-bottom: 10px; padding-right: 5px;\"  itemscope itemtype=\"https:\/\/schema.org\/ImageObject\"><div class=\"envira-gallery-item-inner\"><div class=\"envira-gallery-position-overlay  envira-gallery-top-left\"><\/div><div class=\"envira-gallery-position-overlay  envira-gallery-top-right\"><\/div><div class=\"envira-gallery-position-overlay  envira-gallery-bottom-left\"><\/div><div class=\"envira-gallery-position-overlay  envira-gallery-bottom-right\"><\/div><a href=\"http:\/\/theatredufil.fr\/wp-content\/uploads\/2024\/05\/IMG_20240523_0016-1.jpg\" class=\"envira-gallery-1353 envira-gallery-link\" rel=\"enviragallery1353\" title=\"\" data-envira-caption=\"\" data-envira-retina=\"\" data-thumbnail=\"\"  itemprop=\"contentUrl\"><img decoding=\"async\" id=\"envira-gallery-image-1409\" class=\"envira-gallery-image envira-gallery-image-14 envira-normal envira-lazy\" data-envira-index=\"14\" src=\"https:\/\/theatredufil.fr\/wp-content\/uploads\/2024\/05\/IMG_20240523_0016-1-1024x667-640x480.jpg\" data-envira-src=\"https:\/\/theatredufil.fr\/wp-content\/uploads\/2024\/05\/IMG_20240523_0016-1-1024x667-640x480.jpg\" data-envira-gallery-id=\"1353\" data-envira-item-id=\"1409\" data-envira-caption=\"\" alt=\"\" title=\"\"  itemprop=\"thumbnailUrl\" data-envira-srcset=\"https:\/\/theatredufil.fr\/wp-content\/uploads\/2024\/05\/IMG_20240523_0016-1-1024x667-640x480.jpg 400w,https:\/\/theatredufil.fr\/wp-content\/uploads\/2024\/05\/IMG_20240523_0016-1-1024x667-640x480.jpg 2x\" data-envira-width=\"300\" data-envira-height=\"195\" srcset=\"data:image\/gif;base64,R0lGODlhAQABAIAAAP\/\/\/\/\/\/\/yH5BAEKAAEALAAAAAABAAEAAAICTAEAOw==\" data-safe-src=\"data:image\/gif;base64,R0lGODlhAQABAIAAAP\/\/\/\/\/\/\/yH5BAEKAAEALAAAAAABAAEAAAICTAEAOw==\" \/><\/a><\/div><\/div><div id=\"envira-gallery-item-1410\" class=\"envira-gallery-item enviratope-item envira-gallery-item-15 envira-lazy-load\" style=\"padding-left: 5px; padding-bottom: 10px; padding-right: 5px;\"  itemscope itemtype=\"https:\/\/schema.org\/ImageObject\"><div class=\"envira-gallery-item-inner\"><div class=\"envira-gallery-position-overlay  envira-gallery-top-left\"><\/div><div class=\"envira-gallery-position-overlay  envira-gallery-top-right\"><\/div><div class=\"envira-gallery-position-overlay  envira-gallery-bottom-left\"><\/div><div class=\"envira-gallery-position-overlay  envira-gallery-bottom-right\"><\/div><a href=\"http:\/\/theatredufil.fr\/wp-content\/uploads\/2024\/05\/IMG_20240523_0017-1.jpg\" class=\"envira-gallery-1353 envira-gallery-link\" rel=\"enviragallery1353\" title=\"\" data-envira-caption=\"\" data-envira-retina=\"\" data-thumbnail=\"\"  itemprop=\"contentUrl\"><img decoding=\"async\" id=\"envira-gallery-image-1410\" class=\"envira-gallery-image envira-gallery-image-15 envira-normal envira-lazy\" data-envira-index=\"15\" src=\"https:\/\/theatredufil.fr\/wp-content\/uploads\/2024\/05\/IMG_20240523_0017-1-1024x670-640x480.jpg\" data-envira-src=\"https:\/\/theatredufil.fr\/wp-content\/uploads\/2024\/05\/IMG_20240523_0017-1-1024x670-640x480.jpg\" data-envira-gallery-id=\"1353\" data-envira-item-id=\"1410\" data-envira-caption=\"\" alt=\"\" title=\"\"  itemprop=\"thumbnailUrl\" data-envira-srcset=\"https:\/\/theatredufil.fr\/wp-content\/uploads\/2024\/05\/IMG_20240523_0017-1-1024x670-640x480.jpg 400w,https:\/\/theatredufil.fr\/wp-content\/uploads\/2024\/05\/IMG_20240523_0017-1-1024x670-640x480.jpg 2x\" data-envira-width=\"300\" data-envira-height=\"196\" srcset=\"data:image\/gif;base64,R0lGODlhAQABAIAAAP\/\/\/\/\/\/\/yH5BAEKAAEALAAAAAABAAEAAAICTAEAOw==\" data-safe-src=\"data:image\/gif;base64,R0lGODlhAQABAIAAAP\/\/\/\/\/\/\/yH5BAEKAAEALAAAAAABAAEAAAICTAEAOw==\" \/><\/a><\/div><\/div><\/div><\/div><noscript><img decoding=\"async\" src=\"https:\/\/theatredufil.fr\/wp-content\/uploads\/2024\/05\/IMG_20240523_0001-1-scaled.jpg\" alt=\"\" \/><img decoding=\"async\" src=\"https:\/\/theatredufil.fr\/wp-content\/uploads\/2024\/05\/IMG_20240523_0002-1-scaled.jpg\" alt=\"\" \/><img decoding=\"async\" src=\"https:\/\/theatredufil.fr\/wp-content\/uploads\/2024\/05\/IMG_20240523_0003-1.jpg\" alt=\"\" \/><img decoding=\"async\" src=\"https:\/\/theatredufil.fr\/wp-content\/uploads\/2024\/05\/IMG_20240523_0004-1.jpg\" alt=\"\" \/><img decoding=\"async\" src=\"https:\/\/theatredufil.fr\/wp-content\/uploads\/2024\/05\/IMG_20240523_0005.jpg\" alt=\"\" \/><img decoding=\"async\" src=\"https:\/\/theatredufil.fr\/wp-content\/uploads\/2024\/05\/IMG_20240523_0006-1-scaled.jpg\" alt=\"\" \/><img decoding=\"async\" src=\"https:\/\/theatredufil.fr\/wp-content\/uploads\/2024\/05\/IMG_20240523_0007-1.jpg\" alt=\"\" \/><img decoding=\"async\" src=\"https:\/\/theatredufil.fr\/wp-content\/uploads\/2024\/05\/IMG_20240523_0009-1.jpg\" alt=\"\" \/><img decoding=\"async\" src=\"https:\/\/theatredufil.fr\/wp-content\/uploads\/2024\/05\/IMG_20240523_0010-1.jpg\" alt=\"\" \/><img decoding=\"async\" src=\"https:\/\/theatredufil.fr\/wp-content\/uploads\/2024\/05\/IMG_20240523_0011-1.jpg\" alt=\"\" \/><img decoding=\"async\" src=\"https:\/\/theatredufil.fr\/wp-content\/uploads\/2024\/05\/IMG_20240523_0012-1.jpg\" alt=\"\" \/><img decoding=\"async\" src=\"https:\/\/theatredufil.fr\/wp-content\/uploads\/2024\/05\/IMG_20240523_0013-1.jpg\" alt=\"\" \/><img decoding=\"async\" src=\"https:\/\/theatredufil.fr\/wp-content\/uploads\/2024\/05\/IMG_20240523_0014-1.jpg\" alt=\"\" \/><img decoding=\"async\" src=\"https:\/\/theatredufil.fr\/wp-content\/uploads\/2024\/05\/IMG_20240523_0016-1.jpg\" alt=\"\" \/><img decoding=\"async\" src=\"https:\/\/theatredufil.fr\/wp-content\/uploads\/2024\/05\/IMG_20240523_0017-1.jpg\" alt=\"\" \/><\/noscript>\n\n\n\n<div style=\"height:20px\" aria-hidden=\"true\" class=\"wp-block-spacer\"><\/div>\n\n\n\n<h2 class=\"wp-block-heading\"><\/h2>\n","protected":false},"excerpt":{"rendered":"<p>Le Th\u00e9\u00e2tre du FIL forme depuis 1976 des jeunes de tous horizons au jeu d\u2019acteur et aux m\u00e9tiers du spectacle vivant : Ecole de th\u00e9\u00e2tre, \u00e9cole de vie. \u00ab La [&hellip;]<\/p>\n","protected":false},"author":1,"featured_media":0,"parent":0,"menu_order":0,"comment_status":"closed","ping_status":"closed","template":"","meta":{"_EventAllDay":false,"_EventTimezone":"","_EventStartDate":"","_EventEndDate":"","_EventStartDateUTC":"","_EventEndDateUTC":"","_EventShowMap":false,"_EventShowMapLink":false,"_EventURL":"","_EventCost":"","_EventCostDescription":"","_EventCurrencySymbol":"","_EventCurrencyCode":"","_EventCurrencyPosition":"","_EventDateTimeSeparator":"","_EventTimeRangeSeparator":"","_EventOrganizerID":[],"_EventVenueID":[],"_OrganizerEmail":"","_OrganizerPhone":"","_OrganizerWebsite":"","_VenueAddress":"","_VenueCity":"","_VenueCountry":"","_VenueProvince":"","_VenueState":"","_VenueZip":"","_VenuePhone":"","_VenueURL":"","_VenueStateProvince":"","_VenueLat":"","_VenueLng":"","_VenueShowMap":false,"_VenueShowMapLink":false,"footnotes":""},"class_list":["post-647","page","type-page","status-publish","hentry"],"yoast_head":"<!-- This site is optimized with the Yoast SEO plugin v21.2 - https:\/\/yoast.com\/wordpress\/plugins\/seo\/ -->\n<title>50 ANS D&#039;EDUCATION POPULAIRE AU SERVICE DU SPECTACLE VIVANT - Th\u00e9\u00e2tre du Fil<\/title>\n<meta name=\"robots\" content=\"index, follow, max-snippet:-1, max-image-preview:large, max-video-preview:-1\" \/>\n<link rel=\"canonical\" href=\"https:\/\/theatredufil.fr\/index.php\/historique\/\" \/>\n<meta property=\"og:locale\" content=\"fr_FR\" \/>\n<meta property=\"og:type\" content=\"article\" \/>\n<meta property=\"og:title\" content=\"50 ANS D&#039;EDUCATION POPULAIRE AU SERVICE DU SPECTACLE VIVANT - Th\u00e9\u00e2tre du Fil\" \/>\n<meta property=\"og:description\" content=\"Le Th\u00e9\u00e2tre du FIL forme depuis 1976 des jeunes de tous horizons au jeu d\u2019acteur et aux m\u00e9tiers du spectacle vivant : Ecole de th\u00e9\u00e2tre, \u00e9cole de vie. \u00ab La [&hellip;]\" \/>\n<meta property=\"og:url\" content=\"https:\/\/theatredufil.fr\/index.php\/historique\/\" \/>\n<meta property=\"og:site_name\" content=\"Th\u00e9\u00e2tre du Fil\" \/>\n<meta property=\"article:publisher\" content=\"https:\/\/www.facebook.com\/theatredufil\/?locale=fr_FR\" \/>\n<meta property=\"article:modified_time\" content=\"2025-04-01T12:36:57+00:00\" \/>\n<meta property=\"og:image\" content=\"http:\/\/theatredufil.fr\/wp-content\/uploads\/2025\/03\/IMG_20240523_0001-copie-2-rotated.jpg\" \/>\n<meta name=\"twitter:card\" content=\"summary_large_image\" \/>\n<meta name=\"twitter:label1\" content=\"Dur\u00e9e de lecture estim\u00e9e\" \/>\n\t<meta name=\"twitter:data1\" content=\"12 minutes\" \/>\n<script type=\"application\/ld+json\" class=\"yoast-schema-graph\">{\"@context\":\"https:\/\/schema.org\",\"@graph\":[{\"@type\":\"WebPage\",\"@id\":\"https:\/\/theatredufil.fr\/index.php\/historique\/\",\"url\":\"https:\/\/theatredufil.fr\/index.php\/historique\/\",\"name\":\"50 ANS D'EDUCATION POPULAIRE AU SERVICE DU SPECTACLE VIVANT - Th\u00e9\u00e2tre du Fil\",\"isPartOf\":{\"@id\":\"https:\/\/theatredufil.fr\/#website\"},\"datePublished\":\"2023-09-25T14:03:46+00:00\",\"dateModified\":\"2025-04-01T12:36:57+00:00\",\"breadcrumb\":{\"@id\":\"https:\/\/theatredufil.fr\/index.php\/historique\/#breadcrumb\"},\"inLanguage\":\"fr-FR\",\"potentialAction\":[{\"@type\":\"ReadAction\",\"target\":[\"https:\/\/theatredufil.fr\/index.php\/historique\/\"]}]},{\"@type\":\"BreadcrumbList\",\"@id\":\"https:\/\/theatredufil.fr\/index.php\/historique\/#breadcrumb\",\"itemListElement\":[{\"@type\":\"ListItem\",\"position\":1,\"name\":\"Accueil\",\"item\":\"https:\/\/theatredufil.fr\/\"},{\"@type\":\"ListItem\",\"position\":2,\"name\":\"50 ANS D&rsquo;EDUCATION POPULAIRE AU SERVICE DU SPECTACLE VIVANT\"}]},{\"@type\":\"WebSite\",\"@id\":\"https:\/\/theatredufil.fr\/#website\",\"url\":\"https:\/\/theatredufil.fr\/\",\"name\":\"Th\u00e9\u00e2tre du Fil\",\"description\":\"&quot;La marge fait partie de la page&quot;\",\"publisher\":{\"@id\":\"https:\/\/theatredufil.fr\/#organization\"},\"potentialAction\":[{\"@type\":\"SearchAction\",\"target\":{\"@type\":\"EntryPoint\",\"urlTemplate\":\"https:\/\/theatredufil.fr\/?s={search_term_string}\"},\"query-input\":\"required name=search_term_string\"}],\"inLanguage\":\"fr-FR\"},{\"@type\":\"Organization\",\"@id\":\"https:\/\/theatredufil.fr\/#organization\",\"name\":\"Th\u00e9\u00e2tre du Fil\",\"url\":\"https:\/\/theatredufil.fr\/\",\"logo\":{\"@type\":\"ImageObject\",\"inLanguage\":\"fr-FR\",\"@id\":\"https:\/\/theatredufil.fr\/#\/schema\/logo\/image\/\",\"url\":\"https:\/\/theatredufil.fr\/wp-content\/uploads\/2023\/09\/2022-TDF-PARAY-LOGO-OK.jpg\",\"contentUrl\":\"https:\/\/theatredufil.fr\/wp-content\/uploads\/2023\/09\/2022-TDF-PARAY-LOGO-OK.jpg\",\"width\":482,\"height\":364,\"caption\":\"Th\u00e9\u00e2tre du Fil\"},\"image\":{\"@id\":\"https:\/\/theatredufil.fr\/#\/schema\/logo\/image\/\"},\"sameAs\":[\"https:\/\/www.facebook.com\/theatredufil\/?locale=fr_FR\",\"https:\/\/www.instagram.com\/cietheatredufil\/\"]}]}<\/script>\n<!-- \/ Yoast SEO plugin. -->","yoast_head_json":{"title":"50 ANS D'EDUCATION POPULAIRE AU SERVICE DU SPECTACLE VIVANT - Th\u00e9\u00e2tre du Fil","robots":{"index":"index","follow":"follow","max-snippet":"max-snippet:-1","max-image-preview":"max-image-preview:large","max-video-preview":"max-video-preview:-1"},"canonical":"https:\/\/theatredufil.fr\/index.php\/historique\/","og_locale":"fr_FR","og_type":"article","og_title":"50 ANS D'EDUCATION POPULAIRE AU SERVICE DU SPECTACLE VIVANT - Th\u00e9\u00e2tre du Fil","og_description":"Le Th\u00e9\u00e2tre du FIL forme depuis 1976 des jeunes de tous horizons au jeu d\u2019acteur et aux m\u00e9tiers du spectacle vivant : Ecole de th\u00e9\u00e2tre, \u00e9cole de vie. \u00ab La [&hellip;]","og_url":"https:\/\/theatredufil.fr\/index.php\/historique\/","og_site_name":"Th\u00e9\u00e2tre du Fil","article_publisher":"https:\/\/www.facebook.com\/theatredufil\/?locale=fr_FR","article_modified_time":"2025-04-01T12:36:57+00:00","og_image":[{"url":"http:\/\/theatredufil.fr\/wp-content\/uploads\/2025\/03\/IMG_20240523_0001-copie-2-rotated.jpg"}],"twitter_card":"summary_large_image","twitter_misc":{"Dur\u00e9e de lecture estim\u00e9e":"12 minutes"},"schema":{"@context":"https:\/\/schema.org","@graph":[{"@type":"WebPage","@id":"https:\/\/theatredufil.fr\/index.php\/historique\/","url":"https:\/\/theatredufil.fr\/index.php\/historique\/","name":"50 ANS D'EDUCATION POPULAIRE AU SERVICE DU SPECTACLE VIVANT - Th\u00e9\u00e2tre du Fil","isPartOf":{"@id":"https:\/\/theatredufil.fr\/#website"},"datePublished":"2023-09-25T14:03:46+00:00","dateModified":"2025-04-01T12:36:57+00:00","breadcrumb":{"@id":"https:\/\/theatredufil.fr\/index.php\/historique\/#breadcrumb"},"inLanguage":"fr-FR","potentialAction":[{"@type":"ReadAction","target":["https:\/\/theatredufil.fr\/index.php\/historique\/"]}]},{"@type":"BreadcrumbList","@id":"https:\/\/theatredufil.fr\/index.php\/historique\/#breadcrumb","itemListElement":[{"@type":"ListItem","position":1,"name":"Accueil","item":"https:\/\/theatredufil.fr\/"},{"@type":"ListItem","position":2,"name":"50 ANS D&rsquo;EDUCATION POPULAIRE AU SERVICE DU SPECTACLE VIVANT"}]},{"@type":"WebSite","@id":"https:\/\/theatredufil.fr\/#website","url":"https:\/\/theatredufil.fr\/","name":"Th\u00e9\u00e2tre du Fil","description":"&quot;La marge fait partie de la page&quot;","publisher":{"@id":"https:\/\/theatredufil.fr\/#organization"},"potentialAction":[{"@type":"SearchAction","target":{"@type":"EntryPoint","urlTemplate":"https:\/\/theatredufil.fr\/?s={search_term_string}"},"query-input":"required name=search_term_string"}],"inLanguage":"fr-FR"},{"@type":"Organization","@id":"https:\/\/theatredufil.fr\/#organization","name":"Th\u00e9\u00e2tre du Fil","url":"https:\/\/theatredufil.fr\/","logo":{"@type":"ImageObject","inLanguage":"fr-FR","@id":"https:\/\/theatredufil.fr\/#\/schema\/logo\/image\/","url":"https:\/\/theatredufil.fr\/wp-content\/uploads\/2023\/09\/2022-TDF-PARAY-LOGO-OK.jpg","contentUrl":"https:\/\/theatredufil.fr\/wp-content\/uploads\/2023\/09\/2022-TDF-PARAY-LOGO-OK.jpg","width":482,"height":364,"caption":"Th\u00e9\u00e2tre du Fil"},"image":{"@id":"https:\/\/theatredufil.fr\/#\/schema\/logo\/image\/"},"sameAs":["https:\/\/www.facebook.com\/theatredufil\/?locale=fr_FR","https:\/\/www.instagram.com\/cietheatredufil\/"]}]}},"_links":{"self":[{"href":"https:\/\/theatredufil.fr\/index.php\/wp-json\/wp\/v2\/pages\/647","targetHints":{"allow":["GET"]}}],"collection":[{"href":"https:\/\/theatredufil.fr\/index.php\/wp-json\/wp\/v2\/pages"}],"about":[{"href":"https:\/\/theatredufil.fr\/index.php\/wp-json\/wp\/v2\/types\/page"}],"author":[{"embeddable":true,"href":"https:\/\/theatredufil.fr\/index.php\/wp-json\/wp\/v2\/users\/1"}],"replies":[{"embeddable":true,"href":"https:\/\/theatredufil.fr\/index.php\/wp-json\/wp\/v2\/comments?post=647"}],"version-history":[{"count":70,"href":"https:\/\/theatredufil.fr\/index.php\/wp-json\/wp\/v2\/pages\/647\/revisions"}],"predecessor-version":[{"id":2470,"href":"https:\/\/theatredufil.fr\/index.php\/wp-json\/wp\/v2\/pages\/647\/revisions\/2470"}],"wp:attachment":[{"href":"https:\/\/theatredufil.fr\/index.php\/wp-json\/wp\/v2\/media?parent=647"}],"curies":[{"name":"wp","href":"https:\/\/api.w.org\/{rel}","templated":true}]}}